{"id":1902,"date":"2025-04-17T13:27:50","date_gmt":"2025-04-17T11:27:50","guid":{"rendered":"https:\/\/aulaonline.uma.es\/?page_id=1902"},"modified":"2025-05-20T00:08:44","modified_gmt":"2025-05-19T22:08:44","slug":"ciencias-sociales-y-juridicas","status":"publish","type":"page","link":"https:\/\/inntech.uma.es\/aulaonline\/ciencias-sociales-y-juridicas\/","title":{"rendered":"Ciencias Sociales y Jur\u00eddicas"},"content":{"rendered":"\t\t<div data-elementor-type=\"wp-page\" data-elementor-id=\"1902\" class=\"elementor elementor-1902\">\n\t\t\t\t<div class=\"elementor-element elementor-element-8d5528e thegem-e-con-layout-thegem e-flex e-con-boxed e-con e-parent\" data-id=\"8d5528e\" data-element_type=\"container\" data-e-type=\"container\" data-settings=\"{&quot;thegem_container_layout&quot;:&quot;thegem&quot;}\">\r\n\t\t\t\t\t<div class=\"e-con-inner\">\r\n\t\t\t\t<div class=\"elementor-element elementor-element-ebc1fce flex-horizontal-align-default flex-horizontal-align-tablet-default flex-horizontal-align-mobile-default flex-vertical-align-default flex-vertical-align-tablet-default flex-vertical-align-mobile-default elementor-widget elementor-widget-thegem-animated-heading\" data-id=\"ebc1fce\" data-element_type=\"widget\" data-e-type=\"widget\" data-widget_type=\"thegem-animated-heading.default\">\n\t\t\t\t<div class=\"elementor-widget-container\">\n\t\t\t\t\t<h2 class=\"thegem-heading thegem-animated-heading title-h2 thegem-heading-animate lines-slide-up\" id=\"thegem-heading-ebc1fce\" data-animation-name=\"lines-slide-up\" data-animation-interval=\"80\"><span class=\"light thegem-heading-word\">CIENCIAS<\/span> <span class=\"light thegem-heading-word\">SOCIALES<\/span> <span class=\"light colored thegem-heading-word\" style=\"color: #0099CC;\">Y<\/span> <span class=\"light colored thegem-heading-word\" style=\"color: #CC0066;\">JUR\u00cdDICAS<\/span><\/h2><style type=\"text\/css\">#thegem-heading-ebc1fce {margin: 0;}<\/style>\t\t\t\t<\/div>\n\t\t\t\t<\/div>\n\t\t\t\t\t<\/div>\n\t\t\t\t<\/div>\n\t\t<div class=\"elementor-element elementor-element-967d96e thegem-e-con-layout-thegem e-flex e-con-boxed e-con e-parent\" data-id=\"967d96e\" data-element_type=\"container\" data-e-type=\"container\" data-settings=\"{&quot;thegem_container_layout&quot;:&quot;thegem&quot;}\">\r\n\t\t\t\t\t<div class=\"e-con-inner\">\r\n\t\t\t\t<div class=\"elementor-element elementor-element-58fa36b elementor-widget-divider--view-line flex-horizontal-align-default flex-horizontal-align-tablet-default flex-horizontal-align-mobile-default flex-vertical-align-default flex-vertical-align-tablet-default flex-vertical-align-mobile-default elementor-widget elementor-widget-divider\" data-id=\"58fa36b\" data-element_type=\"widget\" data-e-type=\"widget\" data-widget_type=\"divider.default\">\n\t\t\t\t<div class=\"elementor-widget-container\">\n\t\t\t\t\t\t\t<div class=\"elementor-divider\">\n\t\t\t<span class=\"elementor-divider-separator\">\n\t\t\t\t\t\t<\/span>\n\t\t<\/div>\n\t\t\t\t\t\t<\/div>\n\t\t\t\t<\/div>\n\t\t\t\t\t<\/div>\n\t\t\t\t<\/div>\n\t\t<div class=\"elementor-element elementor-element-73efa60 thegem-e-con-layout-thegem e-flex e-con-boxed e-con e-parent\" data-id=\"73efa60\" data-element_type=\"container\" data-e-type=\"container\" data-settings=\"{&quot;thegem_container_layout&quot;:&quot;thegem&quot;}\">\r\n\t\t\t\t\t<div class=\"e-con-inner\">\r\n\t\t\t\t<div class=\"elementor-element elementor-element-02c7b59 flex-horizontal-align-default flex-horizontal-align-tablet-default flex-horizontal-align-mobile-default flex-vertical-align-default flex-vertical-align-tablet-default flex-vertical-align-mobile-default elementor-widget elementor-widget-heading\" data-id=\"02c7b59\" data-element_type=\"widget\" data-e-type=\"widget\" data-widget_type=\"heading.default\">\n\t\t\t\t<div class=\"elementor-widget-container\">\n\t\t\t\t\t<h2 class=\"elementor-heading-title elementor-size-default\">INSCRIPCI\u00d3N ABIERTA<\/h2>\t\t\t\t<\/div>\n\t\t\t\t<\/div>\n\t\t\t\t\t<\/div>\n\t\t\t\t<\/div>\n\t\t\t\t<section class=\"elementor-section elementor-top-section elementor-element elementor-element-2268c922 elementor-section-boxed elementor-section-height-default elementor-section-height-default\" data-id=\"2268c922\" data-element_type=\"section\" data-e-type=\"section\" data-settings=\"{&quot;background_background&quot;:&quot;classic&quot;}\">\r\n\t\t\t\t\t\t<div class=\"elementor-container elementor-column-gap-thegem\"><div class=\"elementor-row\">\r\n\t\t\t\t\t<div class=\"elementor-column elementor-col-100 elementor-top-column elementor-element elementor-element-2271f01d\" data-id=\"2271f01d\" data-element_type=\"column\" data-e-type=\"column\">\n\t\t\t<div class=\"elementor-widget-wrap elementor-element-populated\">\n\t\t\t\t\t\t\t<\/div>\n\t\t<\/div>\n\t\t\t\t\t<\/div><\/div>\r\n\t\t<\/section>\r\n\t\t<div class=\"elementor-element elementor-element-ed9994d thegem-e-con-layout-thegem e-flex e-con-boxed e-con e-parent\" data-id=\"ed9994d\" data-element_type=\"container\" data-e-type=\"container\" data-settings=\"{&quot;thegem_container_layout&quot;:&quot;thegem&quot;}\">\r\n\t\t\t\t\t<div class=\"e-con-inner\">\r\n\t\t\t\t<div class=\"elementor-element elementor-element-ba593b7 elementor-widget-divider--view-line flex-horizontal-align-default flex-horizontal-align-tablet-default flex-horizontal-align-mobile-default flex-vertical-align-default flex-vertical-align-tablet-default flex-vertical-align-mobile-default elementor-widget elementor-widget-divider\" data-id=\"ba593b7\" data-element_type=\"widget\" data-e-type=\"widget\" data-widget_type=\"divider.default\">\n\t\t\t\t<div class=\"elementor-widget-container\">\n\t\t\t\t\t\t\t<div class=\"elementor-divider\">\n\t\t\t<span class=\"elementor-divider-separator\">\n\t\t\t\t\t\t<\/span>\n\t\t<\/div>\n\t\t\t\t\t\t<\/div>\n\t\t\t\t<\/div>\n\t\t\t\t\t<\/div>\n\t\t\t\t<\/div>\n\t\t<div class=\"elementor-element elementor-element-7596896 thegem-e-con-layout-thegem e-flex e-con-boxed e-con e-parent\" data-id=\"7596896\" data-element_type=\"container\" data-e-type=\"container\" data-settings=\"{&quot;thegem_container_layout&quot;:&quot;thegem&quot;}\">\r\n\t\t\t\t\t<div class=\"e-con-inner\">\r\n\t\t\t\t<div class=\"elementor-element elementor-element-a000fa7 flex-horizontal-align-default flex-horizontal-align-tablet-default flex-horizontal-align-mobile-default flex-vertical-align-default flex-vertical-align-tablet-default flex-vertical-align-mobile-default elementor-widget elementor-widget-heading\" data-id=\"a000fa7\" data-element_type=\"widget\" data-e-type=\"widget\" data-widget_type=\"heading.default\">\n\t\t\t\t<div class=\"elementor-widget-container\">\n\t\t\t\t\t<h2 class=\"elementor-heading-title elementor-size-default\">INSCRIPCI\u00d3N CERRADA<\/h2>\t\t\t\t<\/div>\n\t\t\t\t<\/div>\n\t\t\t\t\t<\/div>\n\t\t\t\t<\/div>\n\t\t\t\t<section class=\"elementor-section elementor-top-section elementor-element elementor-element-49ade3a elementor-section-boxed elementor-section-height-default elementor-section-height-default\" data-id=\"49ade3a\" data-element_type=\"section\" data-e-type=\"section\" data-settings=\"{&quot;background_background&quot;:&quot;classic&quot;}\">\r\n\t\t\t\t\t\t<div class=\"elementor-container elementor-column-gap-thegem\"><div class=\"elementor-row\">\r\n\t\t\t\t\t<div class=\"elementor-column elementor-col-100 elementor-top-column elementor-element elementor-element-ce4a9a3\" data-id=\"ce4a9a3\" data-element_type=\"column\" data-e-type=\"column\">\n\t\t\t<div class=\"elementor-widget-wrap elementor-element-populated\">\n\t\t\t\t\t\t<div class=\"elementor-element elementor-element-5ecb601 flex-horizontal-align-default flex-horizontal-align-tablet-default flex-horizontal-align-mobile-default flex-vertical-align-default flex-vertical-align-tablet-default flex-vertical-align-mobile-default elementor-widget elementor-widget-thegem-extended-blog-grid\" data-id=\"5ecb601\" data-element_type=\"widget\" data-e-type=\"widget\" data-settings=\"{&quot;thegem_elementor_preset&quot;:&quot;new&quot;,&quot;categories&quot;:[&quot;socialescerrado&quot;],&quot;items_per_page&quot;:50,&quot;loading_animation&quot;:&quot;yes&quot;,&quot;animation_effect&quot;:&quot;move-up&quot;,&quot;image_hover_effect&quot;:&quot;circular&quot;,&quot;filters_text_labels_clear_text&quot;:&quot;Clear Filters&quot;,&quot;not_found_text&quot;:&quot;No items were found matching your selection&quot;,&quot;sorting_extended_text&quot;:&quot;Default sorting&quot;,&quot;sorting_extended_dropdown_title_text&quot;:&quot;Sort by title (A-Z)&quot;,&quot;sorting_extended_dropdown_title_desc_text&quot;:&quot;Sort by title (Z-A)&quot;,&quot;sorting_extended_dropdown_latest_text&quot;:&quot;Sort by latest&quot;,&quot;sorting_extended_dropdown_oldest_text&quot;:&quot;Sort by oldest&quot;,&quot;portfolio_uid&quot;:&quot;5b2d37ae&quot;,&quot;image_size&quot;:&quot;medium&quot;,&quot;blog_title_preset&quot;:&quot;title-h5&quot;,&quot;readmore_button_type&quot;:&quot;flat&quot;,&quot;readmore_button_size&quot;:&quot;small&quot;,&quot;order_by&quot;:&quot;title&quot;,&quot;order&quot;:&quot;asc&quot;,&quot;skin_source&quot;:&quot;default&quot;,&quot;layout&quot;:&quot;justified&quot;,&quot;columns&quot;:&quot;3x&quot;,&quot;columns_tablet&quot;:&quot;2x&quot;,&quot;columns_mobile&quot;:&quot;1x&quot;,&quot;query_type&quot;:&quot;post&quot;,&quot;source&quot;:[&quot;categories&quot;],&quot;exclude_blog_posts_type&quot;:&quot;manual&quot;,&quot;caption_position&quot;:&quot;page&quot;,&quot;blog_show_featured_image&quot;:&quot;yes&quot;,&quot;blog_show_title&quot;:&quot;yes&quot;,&quot;blog_show_description&quot;:&quot;yes&quot;,&quot;filter_type&quot;:&quot;default&quot;,&quot;filter_style&quot;:&quot;buttons&quot;,&quot;search_by&quot;:&quot;content&quot;,&quot;show_pagination&quot;:&quot;yes&quot;,&quot;pagination_type&quot;:&quot;normal&quot;,&quot;next_page_preloading&quot;:&quot;yes&quot;,&quot;ignore_sticky_posts&quot;:&quot;yes&quot;,&quot;ajax_preloader_type&quot;:&quot;default&quot;,&quot;image_gaps&quot;:{&quot;unit&quot;:&quot;px&quot;,&quot;size&quot;:42,&quot;sizes&quot;:[]},&quot;image_gaps_tablet&quot;:{&quot;unit&quot;:&quot;px&quot;,&quot;size&quot;:&quot;&quot;,&quot;sizes&quot;:[]},&quot;image_gaps_mobile&quot;:{&quot;unit&quot;:&quot;px&quot;,&quot;size&quot;:&quot;&quot;,&quot;sizes&quot;:[]},&quot;icon_hover_show&quot;:&quot;yes&quot;,&quot;icon_hover_icon&quot;:{&quot;value&quot;:&quot;&quot;,&quot;library&quot;:&quot;&quot;},&quot;title_tag&quot;:&quot;div&quot;,&quot;blog_description_preset&quot;:&quot;default&quot;,&quot;caption_container_preset&quot;:&quot;transparent&quot;,&quot;pagination_arrows_left_icon&quot;:{&quot;value&quot;:&quot;&quot;,&quot;library&quot;:&quot;&quot;},&quot;pagination_arrows_right_icon&quot;:{&quot;value&quot;:&quot;&quot;,&quot;library&quot;:&quot;&quot;}}\" data-widget_type=\"thegem-extended-blog-grid.default\">\n\t\t\t\t<div class=\"elementor-widget-container\">\n\t\t\t\t\t<div class=\"preloader save-space\"><div class=\"preloader-spin\"><\/div><\/div>\t\t\t<div class=\"portfolio-preloader-wrapper\">\n\n\t\t\t\t\n\t\t\t\t<div class=\"portfolio portfolio-grid extended-portfolio-grid news-grid no-padding portfolio-pagination-normal portfolio-style-justified background-style-transparent hover-new-circular title-on-page caption-position-page version-new  loading-animation item-animation-move-up      columns-tablet-2 columns-mobile-1 hover-new-circular   columns-3  next-page-preloading        full-image   \" id=\"style-5ecb601\" data-style-uid=\"5ecb601\" data-portfolio-uid=\"5b2d37ae\" data-current-page=\"1\" data-per-page=\"50\" data-next-page=\"0\" data-pages-count=\"1\" data-hover=\"new-circular\" data-portfolio-filter=\"[]\" data-portfolio-filter-attributes=\"null\" data-portfolio-filter-status=\"null\" data-portfolio-filter-price=\"null\" data-portfolio-filter-search=\"\">\n\t\t\t\t\t\n\t\t\t\t\t<div class=\"portfolio-row-outer \">\n\n\t\t\t\t\t\t\t\t\t\t\t\t\t\t\t\t\t\t\t\t\t\t\t<div class=\"portfolio-top-panel selected-only\">\n\t\t\t\t\t\t\t\t\t\t<div class=\"portfolio-filter-item portfolio-selected-filters  \">\n\t<div class=\"portfolio-selected-filter-item clear-filters\">\n\t\tClear Filters\t<\/div>\n\t<\/div>\t\t\t\t\t\t\t\t\t<\/div>\n\t\t\t\t\t\t\t\t\n\t\t\t\t\t\t\t\t<div class=\"row portfolio-row\">\n\t\t\t\t\t\t\t\t\t<div class=\"portfolio-set clearfix\"\n\t\t\t\t\t\t\t\t\t\t data-max-row-height=\"\">\n\t\t\t\t\t\t\t\t\t\t\t<div class=\"portfolio-item socialescerrado col-xs-12 col-sm-6 col-md-4 item-animations-not-inited before-start post-hide-categories post-hide-date post-has-author appearance-type- post-1972 post type-post status-publish format-standard has-post-thumbnail category-socialescerrado\" style=\"padding: calc(42px\/2)\" data-default-sort=\"0\" data-sort-date=\"1744976530\">\r\n\t\t\t\t\t\r\n\t\t\t<div class=\"wrap clearfix\">\r\n\t\t\t\t\t\t\t\t\t\t\t\t\t<div class=\"image post-1972 post type-post status-publish format-standard has-post-thumbnail category-socialescerrado\">\r\n\t\t\t\t\t\t<div class=\"image-inner \">\r\n\r\n\t\t\t\t\t\t\t<div class=\"post-featured-content\"><a href=\"https:\/\/inntech.uma.es\/aulaonline\/accion-socioeducativa-con-infancia-adolescencia-y-juventud-en-acogimiento-residencial\/\">\t\t<picture>\n\t\t\t\t\t\t<img src=\"https:\/\/inntech.uma.es\/aulaonline\/wp-content\/uploads\/2025\/04\/AccionInfancia-300x172.png\" width=\"300\" height=\"172\"  class=\"img-responsive\" alt=\"AccionInfancia\" \/>\n\t\t<\/picture>\n\t\t<\/a><\/div>\t\t\t\t\t\t<\/div>\r\n\r\n\t\t\t\t\t\t\t\t\t\t\t\t\t<div class=\"overlay\">\r\n\t\t\t\t\t\t\t\t<div class=\"overlay-circle\"><\/div>\r\n\r\n\t\t\t\t\t\t\t\t<div class=\"links-wrapper\">\r\n\t\t\t\t\t\t\t\t\t<div class=\"links\">\r\n\t\t\t\t\t\t\t\t\t\t<div class=\"caption\">\r\n\t\t\t\t\t\t\t\t\t\t\t<a href=\"https:\/\/inntech.uma.es\/aulaonline\/accion-socioeducativa-con-infancia-adolescencia-y-juventud-en-acogimiento-residencial\/\" class=\"portfolio-item-link\">\r\n\t\t\t\t\t\t\t\t\t\t\t\t<span class=\"screen-reader-text\">Acci\u00f3n Socioeducativa con infancia, adolescencia y juventud en acogimiento residencial<\/span>\r\n\t\t\t\t\t\t\t\t\t\t\t<\/a>\r\n\r\n\t\t\t\t\t\t\t\t\t\t\t\t\t\t\t\t\t\t\t\t\t\t\t\t\t\t\t\t\t\t\t\t\t\t\t\t\t<div class=\"portfolio-icons\">\r\n\t\t\t\t\t\t\t\t\t\t\t\t\t\t\t<a href=\"javascript: void(0);\" class=\"icon self-link\" aria-label=\"Acci\u00f3n Socioeducativa con infancia, adolescencia y juventud en acogimiento residencial\">\r\n\t\t\t\t\t\t\t\t\t\t\t\t\t\t\t\t\t\t\t\t\t\t\t\t\t\t\t\t\t\t\t\t\t<i class=\"default\"><\/i>\r\n\t\t\t\t\t\t\t\t\t\t\t\t\t\t\t\t\t\t\t\t\t\t\t\t\t\t\t\t\t\t\t<\/a>\r\n\t\t\t\t\t\t\t\t\t\t\t\t\t\t<\/div>\r\n\t\t\t\t\t\t\t\t\t\t\t\t\t\t\t\t\t\t\t\t\t\t\t\t\t\r\n\t\t\t\t\t\t\t\t\t\t\t\t\r\n\t\t\t\t\t\t\t\t\t\t\t\t\t\t\t\t\t\t\t\t\t\t\t\r\n\t\t\t\t\t\t\t\t\t\t\t\r\n\t\t\t\t\t\t\t\t\t\t\t\t\t\t\t\t\t\t\t\t\t<\/div>\r\n\t\t\t\t\t\t\t\t\t<\/div>\r\n\t\t\t\t\t\t\t\t<\/div>\r\n\t\t\t\t\t\t\t<\/div>\r\n\t\t\t\t\t\t\t\t\t\t\t<\/div>\r\n\t\t\t\t\r\n\t\t\t\t\t\t\t\t\t<div class=\"caption post-1972 post type-post status-publish format-standard has-post-thumbnail category-socialescerrado\">\r\n\r\n\t\t\t\t\t\t\r\n\t\t\t\t\t\t\t\t\r\n\t\t\t\t\t\t\t\t\t\t\t\t\t\t\t<div class=\"title\">\r\n\t\t\t\t\t\t\t\t<span class=\"title-h5 \"><a href=\"https:\/\/inntech.uma.es\/aulaonline\/accion-socioeducativa-con-infancia-adolescencia-y-juventud-en-acogimiento-residencial\/\" rel=\"bookmark\">Acci\u00f3n Socioeducativa con infancia, adolescencia y juventud en acogimiento residencial<\/a><\/span>\t\t\t\t\t\t\t<\/div>\r\n\t\t\t\t\t\t\r\n\t\t\t\t\t\t\r\n\t\t\t\t\t\t\t\t\t\t\t\t\t\t\t\t\t\t\t\t\t<div class=\"description text-body\">\r\n\t\t\t\t\t\t\t\t\t<p>Se trata de un curso destinado a la formaci\u00f3n para la acci\u00f3n socioeducativa en contextos residenciales de protecci\u00f3n a la infancia, la adolescencia y l a juventud en acogimiento residencial.<\/p>\n\t\t\t\t\t\t\t\t<\/div>\r\n\t\t\t\t\t\t\t\t\t\t\t\t\t\t\t\t\t\t<\/div>\r\n\t\t\t\t\t\t\t<\/div>\r\n\t\t\t\t<\/div>\r\n\t<div class=\"portfolio-item socialescerrado col-xs-12 col-sm-6 col-md-4 item-animations-not-inited before-start post-hide-categories post-hide-date post-has-author appearance-type- post-1978 post type-post status-publish format-standard has-post-thumbnail category-socialescerrado\" style=\"padding: calc(42px\/2)\" data-default-sort=\"0\" data-sort-date=\"1744976390\">\r\n\t\t\t\t\t\r\n\t\t\t<div class=\"wrap clearfix\">\r\n\t\t\t\t\t\t\t\t\t\t\t\t\t<div class=\"image post-1978 post type-post status-publish format-standard has-post-thumbnail category-socialescerrado\">\r\n\t\t\t\t\t\t<div class=\"image-inner \">\r\n\r\n\t\t\t\t\t\t\t<div class=\"post-featured-content\"><a href=\"https:\/\/inntech.uma.es\/aulaonline\/adaptacion-al-grado-de-trabajo-social\/\">\t\t<picture>\n\t\t\t\t\t\t<img src=\"https:\/\/inntech.uma.es\/aulaonline\/wp-content\/uploads\/2025\/04\/TrabajoSocial-300x172.png\" width=\"300\" height=\"172\"  class=\"img-responsive\" alt=\"TrabajoSocial\" \/>\n\t\t<\/picture>\n\t\t<\/a><\/div>\t\t\t\t\t\t<\/div>\r\n\r\n\t\t\t\t\t\t\t\t\t\t\t\t\t<div class=\"overlay\">\r\n\t\t\t\t\t\t\t\t<div class=\"overlay-circle\"><\/div>\r\n\r\n\t\t\t\t\t\t\t\t<div class=\"links-wrapper\">\r\n\t\t\t\t\t\t\t\t\t<div class=\"links\">\r\n\t\t\t\t\t\t\t\t\t\t<div class=\"caption\">\r\n\t\t\t\t\t\t\t\t\t\t\t<a href=\"https:\/\/inntech.uma.es\/aulaonline\/adaptacion-al-grado-de-trabajo-social\/\" class=\"portfolio-item-link\">\r\n\t\t\t\t\t\t\t\t\t\t\t\t<span class=\"screen-reader-text\">Adaptaci\u00f3n al Grado de Trabajo Social<\/span>\r\n\t\t\t\t\t\t\t\t\t\t\t<\/a>\r\n\r\n\t\t\t\t\t\t\t\t\t\t\t\t\t\t\t\t\t\t\t\t\t\t\t\t\t\t\t\t\t\t\t\t\t\t\t\t\t<div class=\"portfolio-icons\">\r\n\t\t\t\t\t\t\t\t\t\t\t\t\t\t\t<a href=\"javascript: void(0);\" class=\"icon self-link\" aria-label=\"Adaptaci\u00f3n al Grado de Trabajo Social\">\r\n\t\t\t\t\t\t\t\t\t\t\t\t\t\t\t\t\t\t\t\t\t\t\t\t\t\t\t\t\t\t\t\t\t<i class=\"default\"><\/i>\r\n\t\t\t\t\t\t\t\t\t\t\t\t\t\t\t\t\t\t\t\t\t\t\t\t\t\t\t\t\t\t\t<\/a>\r\n\t\t\t\t\t\t\t\t\t\t\t\t\t\t<\/div>\r\n\t\t\t\t\t\t\t\t\t\t\t\t\t\t\t\t\t\t\t\t\t\t\t\t\t\r\n\t\t\t\t\t\t\t\t\t\t\t\t\r\n\t\t\t\t\t\t\t\t\t\t\t\t\t\t\t\t\t\t\t\t\t\t\t\r\n\t\t\t\t\t\t\t\t\t\t\t\r\n\t\t\t\t\t\t\t\t\t\t\t\t\t\t\t\t\t\t\t\t\t<\/div>\r\n\t\t\t\t\t\t\t\t\t<\/div>\r\n\t\t\t\t\t\t\t\t<\/div>\r\n\t\t\t\t\t\t\t<\/div>\r\n\t\t\t\t\t\t\t\t\t\t\t<\/div>\r\n\t\t\t\t\r\n\t\t\t\t\t\t\t\t\t<div class=\"caption post-1978 post type-post status-publish format-standard has-post-thumbnail category-socialescerrado\">\r\n\r\n\t\t\t\t\t\t\r\n\t\t\t\t\t\t\t\t\r\n\t\t\t\t\t\t\t\t\t\t\t\t\t\t\t<div class=\"title\">\r\n\t\t\t\t\t\t\t\t<span class=\"title-h5 \"><a href=\"https:\/\/inntech.uma.es\/aulaonline\/adaptacion-al-grado-de-trabajo-social\/\" rel=\"bookmark\">Adaptaci\u00f3n al Grado de Trabajo Social<\/a><\/span>\t\t\t\t\t\t\t<\/div>\r\n\t\t\t\t\t\t\r\n\t\t\t\t\t\t\r\n\t\t\t\t\t\t\t\t\t\t\t\t\t\t\t\t\t\t\t\t\t<div class=\"description text-body\">\r\n\t\t\t\t\t\t\t\t\t<p>El Experto Universitario de Adaptaci\u00f3n al Grado en Trabajo Social contiene las materias que permiten la nivelaci\u00f3n acad\u00e9mica de los titulados Diplomados en Trabajo Social al Grado en Trabajo Social.<\/p>\n\t\t\t\t\t\t\t\t<\/div>\r\n\t\t\t\t\t\t\t\t\t\t\t\t\t\t\t\t\t\t<\/div>\r\n\t\t\t\t\t\t\t<\/div>\r\n\t\t\t\t<\/div>\r\n\t<div class=\"portfolio-item socialescerrado col-xs-12 col-sm-6 col-md-4 item-animations-not-inited before-start post-hide-categories post-hide-date post-has-author appearance-type- post-1966 post type-post status-publish format-standard has-post-thumbnail category-socialescerrado\" style=\"padding: calc(42px\/2)\" data-default-sort=\"0\" data-sort-date=\"1744976445\">\r\n\t\t\t\t\t\r\n\t\t\t<div class=\"wrap clearfix\">\r\n\t\t\t\t\t\t\t\t\t\t\t\t\t<div class=\"image post-1966 post type-post status-publish format-standard has-post-thumbnail category-socialescerrado\">\r\n\t\t\t\t\t\t<div class=\"image-inner \">\r\n\r\n\t\t\t\t\t\t\t<div class=\"post-featured-content\"><a href=\"https:\/\/inntech.uma.es\/aulaonline\/agente-de-planes-de-igualdad-en-entidades-publicas-y-privadas\/\">\t\t<picture>\n\t\t\t\t\t\t<img src=\"https:\/\/inntech.uma.es\/aulaonline\/wp-content\/uploads\/2025\/04\/PlanesIgualdad-300x172.png\" width=\"300\" height=\"172\"  class=\"img-responsive\" alt=\"PlanesIgualdad\" \/>\n\t\t<\/picture>\n\t\t<\/a><\/div>\t\t\t\t\t\t<\/div>\r\n\r\n\t\t\t\t\t\t\t\t\t\t\t\t\t<div class=\"overlay\">\r\n\t\t\t\t\t\t\t\t<div class=\"overlay-circle\"><\/div>\r\n\r\n\t\t\t\t\t\t\t\t<div class=\"links-wrapper\">\r\n\t\t\t\t\t\t\t\t\t<div class=\"links\">\r\n\t\t\t\t\t\t\t\t\t\t<div class=\"caption\">\r\n\t\t\t\t\t\t\t\t\t\t\t<a href=\"https:\/\/inntech.uma.es\/aulaonline\/agente-de-planes-de-igualdad-en-entidades-publicas-y-privadas\/\" class=\"portfolio-item-link\">\r\n\t\t\t\t\t\t\t\t\t\t\t\t<span class=\"screen-reader-text\">Agente de Planes de Igualdad en entidades p\u00fablicas y privadas<\/span>\r\n\t\t\t\t\t\t\t\t\t\t\t<\/a>\r\n\r\n\t\t\t\t\t\t\t\t\t\t\t\t\t\t\t\t\t\t\t\t\t\t\t\t\t\t\t\t\t\t\t\t\t\t\t\t\t<div class=\"portfolio-icons\">\r\n\t\t\t\t\t\t\t\t\t\t\t\t\t\t\t<a href=\"javascript: void(0);\" class=\"icon self-link\" aria-label=\"Agente de Planes de Igualdad en entidades p\u00fablicas y privadas\">\r\n\t\t\t\t\t\t\t\t\t\t\t\t\t\t\t\t\t\t\t\t\t\t\t\t\t\t\t\t\t\t\t\t\t<i class=\"default\"><\/i>\r\n\t\t\t\t\t\t\t\t\t\t\t\t\t\t\t\t\t\t\t\t\t\t\t\t\t\t\t\t\t\t\t<\/a>\r\n\t\t\t\t\t\t\t\t\t\t\t\t\t\t<\/div>\r\n\t\t\t\t\t\t\t\t\t\t\t\t\t\t\t\t\t\t\t\t\t\t\t\t\t\r\n\t\t\t\t\t\t\t\t\t\t\t\t\r\n\t\t\t\t\t\t\t\t\t\t\t\t\t\t\t\t\t\t\t\t\t\t\t\r\n\t\t\t\t\t\t\t\t\t\t\t\r\n\t\t\t\t\t\t\t\t\t\t\t\t\t\t\t\t\t\t\t\t\t<\/div>\r\n\t\t\t\t\t\t\t\t\t<\/div>\r\n\t\t\t\t\t\t\t\t<\/div>\r\n\t\t\t\t\t\t\t<\/div>\r\n\t\t\t\t\t\t\t\t\t\t\t<\/div>\r\n\t\t\t\t\r\n\t\t\t\t\t\t\t\t\t<div class=\"caption post-1966 post type-post status-publish format-standard has-post-thumbnail category-socialescerrado\">\r\n\r\n\t\t\t\t\t\t\r\n\t\t\t\t\t\t\t\t\r\n\t\t\t\t\t\t\t\t\t\t\t\t\t\t\t<div class=\"title\">\r\n\t\t\t\t\t\t\t\t<span class=\"title-h5 \"><a href=\"https:\/\/inntech.uma.es\/aulaonline\/agente-de-planes-de-igualdad-en-entidades-publicas-y-privadas\/\" rel=\"bookmark\">Agente de Planes de Igualdad en entidades p\u00fablicas y privadas<\/a><\/span>\t\t\t\t\t\t\t<\/div>\r\n\t\t\t\t\t\t\r\n\t\t\t\t\t\t\r\n\t\t\t\t\t\t\t\t\t\t\t\t\t\t\t\t\t\t\t\t\t<div class=\"description text-body\">\r\n\t\t\t\t\t\t\t\t\t<p>El t\u00edtulo ofrece la especializaci\u00f3n necesaria sobre normativa, herramientas y metodolog\u00edas para desarrollar todas las fases de Planes de Igualdad, protocolos, diagn\u00f3sticos y auditor\u00edas de g\u00e9nero.<\/p>\n\t\t\t\t\t\t\t\t<\/div>\r\n\t\t\t\t\t\t\t\t\t\t\t\t\t\t\t\t\t\t<\/div>\r\n\t\t\t\t\t\t\t<\/div>\r\n\t\t\t\t<\/div>\r\n\t<div class=\"portfolio-item socialescerrado col-xs-12 col-sm-6 col-md-4 item-animations-not-inited before-start post-hide-categories post-hide-date post-has-author appearance-type- post-2062 post type-post status-publish format-standard has-post-thumbnail category-socialescerrado\" style=\"padding: calc(42px\/2)\" data-default-sort=\"0\" data-sort-date=\"1744976485\">\r\n\t\t\t\t\t\r\n\t\t\t<div class=\"wrap clearfix\">\r\n\t\t\t\t\t\t\t\t\t\t\t\t\t<div class=\"image post-2062 post type-post status-publish format-standard has-post-thumbnail category-socialescerrado\">\r\n\t\t\t\t\t\t<div class=\"image-inner \">\r\n\r\n\t\t\t\t\t\t\t<div class=\"post-featured-content\"><a href=\"https:\/\/inntech.uma.es\/aulaonline\/aproximacion-practica-y-teorica-al-cooperativismo-lecciones-de-casos-reales\/\">\t\t<picture>\n\t\t\t\t\t\t<img src=\"https:\/\/inntech.uma.es\/aulaonline\/wp-content\/uploads\/2025\/04\/Cooperativismo-300x172.png\" width=\"300\" height=\"172\"  class=\"img-responsive\" alt=\"Cooperativismo\" \/>\n\t\t<\/picture>\n\t\t<\/a><\/div>\t\t\t\t\t\t<\/div>\r\n\r\n\t\t\t\t\t\t\t\t\t\t\t\t\t<div class=\"overlay\">\r\n\t\t\t\t\t\t\t\t<div class=\"overlay-circle\"><\/div>\r\n\r\n\t\t\t\t\t\t\t\t<div class=\"links-wrapper\">\r\n\t\t\t\t\t\t\t\t\t<div class=\"links\">\r\n\t\t\t\t\t\t\t\t\t\t<div class=\"caption\">\r\n\t\t\t\t\t\t\t\t\t\t\t<a href=\"https:\/\/inntech.uma.es\/aulaonline\/aproximacion-practica-y-teorica-al-cooperativismo-lecciones-de-casos-reales\/\" class=\"portfolio-item-link\">\r\n\t\t\t\t\t\t\t\t\t\t\t\t<span class=\"screen-reader-text\">Aproximaci\u00f3n pr\u00e1ctica y te\u00f3rica al Cooperativismo: Lecciones de casos reales<\/span>\r\n\t\t\t\t\t\t\t\t\t\t\t<\/a>\r\n\r\n\t\t\t\t\t\t\t\t\t\t\t\t\t\t\t\t\t\t\t\t\t\t\t\t\t\t\t\t\t\t\t\t\t\t\t\t\t<div class=\"portfolio-icons\">\r\n\t\t\t\t\t\t\t\t\t\t\t\t\t\t\t<a href=\"javascript: void(0);\" class=\"icon self-link\" aria-label=\"Aproximaci\u00f3n pr\u00e1ctica y te\u00f3rica al Cooperativismo: Lecciones de casos reales\">\r\n\t\t\t\t\t\t\t\t\t\t\t\t\t\t\t\t\t\t\t\t\t\t\t\t\t\t\t\t\t\t\t\t\t<i class=\"default\"><\/i>\r\n\t\t\t\t\t\t\t\t\t\t\t\t\t\t\t\t\t\t\t\t\t\t\t\t\t\t\t\t\t\t\t<\/a>\r\n\t\t\t\t\t\t\t\t\t\t\t\t\t\t<\/div>\r\n\t\t\t\t\t\t\t\t\t\t\t\t\t\t\t\t\t\t\t\t\t\t\t\t\t\r\n\t\t\t\t\t\t\t\t\t\t\t\t\r\n\t\t\t\t\t\t\t\t\t\t\t\t\t\t\t\t\t\t\t\t\t\t\t\r\n\t\t\t\t\t\t\t\t\t\t\t\r\n\t\t\t\t\t\t\t\t\t\t\t\t\t\t\t\t\t\t\t\t\t<\/div>\r\n\t\t\t\t\t\t\t\t\t<\/div>\r\n\t\t\t\t\t\t\t\t<\/div>\r\n\t\t\t\t\t\t\t<\/div>\r\n\t\t\t\t\t\t\t\t\t\t\t<\/div>\r\n\t\t\t\t\r\n\t\t\t\t\t\t\t\t\t<div class=\"caption post-2062 post type-post status-publish format-standard has-post-thumbnail category-socialescerrado\">\r\n\r\n\t\t\t\t\t\t\r\n\t\t\t\t\t\t\t\t\r\n\t\t\t\t\t\t\t\t\t\t\t\t\t\t\t<div class=\"title\">\r\n\t\t\t\t\t\t\t\t<span class=\"title-h5 \"><a href=\"https:\/\/inntech.uma.es\/aulaonline\/aproximacion-practica-y-teorica-al-cooperativismo-lecciones-de-casos-reales\/\" rel=\"bookmark\">Aproximaci\u00f3n pr\u00e1ctica y te\u00f3rica al Cooperativismo: Lecciones de casos reales<\/a><\/span>\t\t\t\t\t\t\t<\/div>\r\n\t\t\t\t\t\t\r\n\t\t\t\t\t\t\r\n\t\t\t\t\t\t\t\t\t\t\t\t\t\t\t\t\t\t\t\t\t<div class=\"description text-body\">\r\n\t\t\t\t\t\t\t\t\t<p>Acci\u00f3n formativa que combina teor\u00eda y an\u00e1lisis de casos reales para explorar los principios, valores y aplicaciones pr\u00e1cticas del cooperativismo en distintos sectores.<\/p>\n\t\t\t\t\t\t\t\t<\/div>\r\n\t\t\t\t\t\t\t\t\t\t\t\t\t\t\t\t\t\t<\/div>\r\n\t\t\t\t\t\t\t<\/div>\r\n\t\t\t\t<\/div>\r\n\t<div class=\"portfolio-item socialescerrado col-xs-12 col-sm-6 col-md-4 item-animations-not-inited before-start post-hide-categories post-hide-date post-has-author appearance-type- post-2002 post type-post status-publish format-standard has-post-thumbnail category-socialescerrado\" style=\"padding: calc(42px\/2)\" data-default-sort=\"0\" data-sort-date=\"1744976407\">\r\n\t\t\t\t\t\r\n\t\t\t<div class=\"wrap clearfix\">\r\n\t\t\t\t\t\t\t\t\t\t\t\t\t<div class=\"image post-2002 post type-post status-publish format-standard has-post-thumbnail category-socialescerrado\">\r\n\t\t\t\t\t\t<div class=\"image-inner \">\r\n\r\n\t\t\t\t\t\t\t<div class=\"post-featured-content\"><a href=\"https:\/\/inntech.uma.es\/aulaonline\/atraccion-captacion-evaluacion-y-fidelizacion-del-talento\/\">\t\t<picture>\n\t\t\t\t\t\t<img src=\"https:\/\/inntech.uma.es\/aulaonline\/wp-content\/uploads\/2025\/04\/DiplomaAtraccionTalento-300x172.png\" width=\"300\" height=\"172\"  class=\"img-responsive\" alt=\"DiplomaAtraccionTalento\" \/>\n\t\t<\/picture>\n\t\t<\/a><\/div>\t\t\t\t\t\t<\/div>\r\n\r\n\t\t\t\t\t\t\t\t\t\t\t\t\t<div class=\"overlay\">\r\n\t\t\t\t\t\t\t\t<div class=\"overlay-circle\"><\/div>\r\n\r\n\t\t\t\t\t\t\t\t<div class=\"links-wrapper\">\r\n\t\t\t\t\t\t\t\t\t<div class=\"links\">\r\n\t\t\t\t\t\t\t\t\t\t<div class=\"caption\">\r\n\t\t\t\t\t\t\t\t\t\t\t<a href=\"https:\/\/inntech.uma.es\/aulaonline\/atraccion-captacion-evaluacion-y-fidelizacion-del-talento\/\" class=\"portfolio-item-link\">\r\n\t\t\t\t\t\t\t\t\t\t\t\t<span class=\"screen-reader-text\">Atracci\u00f3n, Captaci\u00f3n, Evaluaci\u00f3n y Fidelizaci\u00f3n del Talento<\/span>\r\n\t\t\t\t\t\t\t\t\t\t\t<\/a>\r\n\r\n\t\t\t\t\t\t\t\t\t\t\t\t\t\t\t\t\t\t\t\t\t\t\t\t\t\t\t\t\t\t\t\t\t\t\t\t\t<div class=\"portfolio-icons\">\r\n\t\t\t\t\t\t\t\t\t\t\t\t\t\t\t<a href=\"javascript: void(0);\" class=\"icon self-link\" aria-label=\"Atracci\u00f3n, Captaci\u00f3n, Evaluaci\u00f3n y Fidelizaci\u00f3n del Talento\">\r\n\t\t\t\t\t\t\t\t\t\t\t\t\t\t\t\t\t\t\t\t\t\t\t\t\t\t\t\t\t\t\t\t\t<i class=\"default\"><\/i>\r\n\t\t\t\t\t\t\t\t\t\t\t\t\t\t\t\t\t\t\t\t\t\t\t\t\t\t\t\t\t\t\t<\/a>\r\n\t\t\t\t\t\t\t\t\t\t\t\t\t\t<\/div>\r\n\t\t\t\t\t\t\t\t\t\t\t\t\t\t\t\t\t\t\t\t\t\t\t\t\t\r\n\t\t\t\t\t\t\t\t\t\t\t\t\r\n\t\t\t\t\t\t\t\t\t\t\t\t\t\t\t\t\t\t\t\t\t\t\t\r\n\t\t\t\t\t\t\t\t\t\t\t\r\n\t\t\t\t\t\t\t\t\t\t\t\t\t\t\t\t\t\t\t\t\t<\/div>\r\n\t\t\t\t\t\t\t\t\t<\/div>\r\n\t\t\t\t\t\t\t\t<\/div>\r\n\t\t\t\t\t\t\t<\/div>\r\n\t\t\t\t\t\t\t\t\t\t\t<\/div>\r\n\t\t\t\t\r\n\t\t\t\t\t\t\t\t\t<div class=\"caption post-2002 post type-post status-publish format-standard has-post-thumbnail category-socialescerrado\">\r\n\r\n\t\t\t\t\t\t\r\n\t\t\t\t\t\t\t\t\r\n\t\t\t\t\t\t\t\t\t\t\t\t\t\t\t<div class=\"title\">\r\n\t\t\t\t\t\t\t\t<span class=\"title-h5 \"><a href=\"https:\/\/inntech.uma.es\/aulaonline\/atraccion-captacion-evaluacion-y-fidelizacion-del-talento\/\" rel=\"bookmark\">Atracci\u00f3n, Captaci\u00f3n, Evaluaci\u00f3n y Fidelizaci\u00f3n del Talento<\/a><\/span>\t\t\t\t\t\t\t<\/div>\r\n\t\t\t\t\t\t\r\n\t\t\t\t\t\t\r\n\t\t\t\t\t\t\t\t\t\t\t\t\t\t\t\t\t\t\t\t\t<div class=\"description text-body\">\r\n\t\t\t\t\t\t\t\t\t<p>Formaci\u00f3n en competencias que permitan el dise\u00f1o de planes de formaci\u00f3n para organizaciones, su evaluaci\u00f3n, y la gesti\u00f3n de bonificaciones FUNDAE y otras fuentes de financiaci\u00f3n.<\/p>\n\t\t\t\t\t\t\t\t<\/div>\r\n\t\t\t\t\t\t\t\t\t\t\t\t\t\t\t\t\t\t<\/div>\r\n\t\t\t\t\t\t\t<\/div>\r\n\t\t\t\t<\/div>\r\n\t<div class=\"portfolio-item socialescerrado col-xs-12 col-sm-6 col-md-4 item-animations-not-inited before-start post-hide-categories post-hide-date post-has-author appearance-type- post-2014 post type-post status-publish format-standard has-post-thumbnail category-socialescerrado\" style=\"padding: calc(42px\/2)\" data-default-sort=\"0\" data-sort-date=\"1744975733\">\r\n\t\t\t\t\t\r\n\t\t\t<div class=\"wrap clearfix\">\r\n\t\t\t\t\t\t\t\t\t\t\t\t\t<div class=\"image post-2014 post type-post status-publish format-standard has-post-thumbnail category-socialescerrado\">\r\n\t\t\t\t\t\t<div class=\"image-inner \">\r\n\r\n\t\t\t\t\t\t\t<div class=\"post-featured-content\"><a href=\"https:\/\/inntech.uma.es\/aulaonline\/atraccion-desarrollo-y-fidelizacion-del-talento\/\">\t\t<picture>\n\t\t\t\t\t\t<img src=\"https:\/\/inntech.uma.es\/aulaonline\/wp-content\/uploads\/2025\/04\/MasterAtraccionTalento-300x172.png\" width=\"300\" height=\"172\"  class=\"img-responsive\" alt=\"MasterAtraccionTalento\" \/>\n\t\t<\/picture>\n\t\t<\/a><\/div>\t\t\t\t\t\t<\/div>\r\n\r\n\t\t\t\t\t\t\t\t\t\t\t\t\t<div class=\"overlay\">\r\n\t\t\t\t\t\t\t\t<div class=\"overlay-circle\"><\/div>\r\n\r\n\t\t\t\t\t\t\t\t<div class=\"links-wrapper\">\r\n\t\t\t\t\t\t\t\t\t<div class=\"links\">\r\n\t\t\t\t\t\t\t\t\t\t<div class=\"caption\">\r\n\t\t\t\t\t\t\t\t\t\t\t<a href=\"https:\/\/inntech.uma.es\/aulaonline\/atraccion-desarrollo-y-fidelizacion-del-talento\/\" class=\"portfolio-item-link\">\r\n\t\t\t\t\t\t\t\t\t\t\t\t<span class=\"screen-reader-text\">Atracci\u00f3n, Desarrollo y Fidelizaci\u00f3n del Talento<\/span>\r\n\t\t\t\t\t\t\t\t\t\t\t<\/a>\r\n\r\n\t\t\t\t\t\t\t\t\t\t\t\t\t\t\t\t\t\t\t\t\t\t\t\t\t\t\t\t\t\t\t\t\t\t\t\t\t<div class=\"portfolio-icons\">\r\n\t\t\t\t\t\t\t\t\t\t\t\t\t\t\t<a href=\"javascript: void(0);\" class=\"icon self-link\" aria-label=\"Atracci\u00f3n, Desarrollo y Fidelizaci\u00f3n del Talento\">\r\n\t\t\t\t\t\t\t\t\t\t\t\t\t\t\t\t\t\t\t\t\t\t\t\t\t\t\t\t\t\t\t\t\t<i class=\"default\"><\/i>\r\n\t\t\t\t\t\t\t\t\t\t\t\t\t\t\t\t\t\t\t\t\t\t\t\t\t\t\t\t\t\t\t<\/a>\r\n\t\t\t\t\t\t\t\t\t\t\t\t\t\t<\/div>\r\n\t\t\t\t\t\t\t\t\t\t\t\t\t\t\t\t\t\t\t\t\t\t\t\t\t\r\n\t\t\t\t\t\t\t\t\t\t\t\t\r\n\t\t\t\t\t\t\t\t\t\t\t\t\t\t\t\t\t\t\t\t\t\t\t\r\n\t\t\t\t\t\t\t\t\t\t\t\r\n\t\t\t\t\t\t\t\t\t\t\t\t\t\t\t\t\t\t\t\t\t<\/div>\r\n\t\t\t\t\t\t\t\t\t<\/div>\r\n\t\t\t\t\t\t\t\t<\/div>\r\n\t\t\t\t\t\t\t<\/div>\r\n\t\t\t\t\t\t\t\t\t\t\t<\/div>\r\n\t\t\t\t\r\n\t\t\t\t\t\t\t\t\t<div class=\"caption post-2014 post type-post status-publish format-standard has-post-thumbnail category-socialescerrado\">\r\n\r\n\t\t\t\t\t\t\r\n\t\t\t\t\t\t\t\t\r\n\t\t\t\t\t\t\t\t\t\t\t\t\t\t\t<div class=\"title\">\r\n\t\t\t\t\t\t\t\t<span class=\"title-h5 \"><a href=\"https:\/\/inntech.uma.es\/aulaonline\/atraccion-desarrollo-y-fidelizacion-del-talento\/\" rel=\"bookmark\">Atracci\u00f3n, Desarrollo y Fidelizaci\u00f3n del Talento<\/a><\/span>\t\t\t\t\t\t\t<\/div>\r\n\t\t\t\t\t\t\r\n\t\t\t\t\t\t\r\n\t\t\t\t\t\t\t\t\t\t\t\t\t\t\t\t\t\t\t\t\t<div class=\"description text-body\">\r\n\t\t\t\t\t\t\t\t\t<p>Formaci\u00f3n en competencias que permitan la captaci\u00f3n, evaluaci\u00f3n, formaci\u00f3n y fidelizaci\u00f3n de talento, ofreciendo una perspectiva actual, ligada a nuevas metodolog\u00edas y desarrollo tecnol\u00f3gico.<\/p>\n\t\t\t\t\t\t\t\t<\/div>\r\n\t\t\t\t\t\t\t\t\t\t\t\t\t\t\t\t\t\t<\/div>\r\n\t\t\t\t\t\t\t<\/div>\r\n\t\t\t\t<\/div>\r\n\t<div class=\"portfolio-item socialescerrado col-xs-12 col-sm-6 col-md-4 item-animations-not-inited before-start post-hide-categories post-hide-date post-has-author appearance-type- post-1990 post type-post status-publish format-standard has-post-thumbnail category-socialescerrado\" style=\"padding: calc(42px\/2)\" data-default-sort=\"0\" data-sort-date=\"1744976413\">\r\n\t\t\t\t\t\r\n\t\t\t<div class=\"wrap clearfix\">\r\n\t\t\t\t\t\t\t\t\t\t\t\t\t<div class=\"image post-1990 post type-post status-publish format-standard has-post-thumbnail category-socialescerrado\">\r\n\t\t\t\t\t\t<div class=\"image-inner \">\r\n\r\n\t\t\t\t\t\t\t<div class=\"post-featured-content\"><a href=\"https:\/\/inntech.uma.es\/aulaonline\/master-en-desarrollo-de-la-identidad-profesional-docente\/\">\t\t<picture>\n\t\t\t\t\t\t<img src=\"https:\/\/inntech.uma.es\/aulaonline\/wp-content\/uploads\/2025\/04\/MasterIdentidadProfesional-300x172.png\" width=\"300\" height=\"172\"  class=\"img-responsive\" alt=\"MasterIdentidadProfesional\" \/>\n\t\t<\/picture>\n\t\t<\/a><\/div>\t\t\t\t\t\t<\/div>\r\n\r\n\t\t\t\t\t\t\t\t\t\t\t\t\t<div class=\"overlay\">\r\n\t\t\t\t\t\t\t\t<div class=\"overlay-circle\"><\/div>\r\n\r\n\t\t\t\t\t\t\t\t<div class=\"links-wrapper\">\r\n\t\t\t\t\t\t\t\t\t<div class=\"links\">\r\n\t\t\t\t\t\t\t\t\t\t<div class=\"caption\">\r\n\t\t\t\t\t\t\t\t\t\t\t<a href=\"https:\/\/inntech.uma.es\/aulaonline\/master-en-desarrollo-de-la-identidad-profesional-docente\/\" class=\"portfolio-item-link\">\r\n\t\t\t\t\t\t\t\t\t\t\t\t<span class=\"screen-reader-text\">Desarrollo de la Identidad Profesional Docente<\/span>\r\n\t\t\t\t\t\t\t\t\t\t\t<\/a>\r\n\r\n\t\t\t\t\t\t\t\t\t\t\t\t\t\t\t\t\t\t\t\t\t\t\t\t\t\t\t\t\t\t\t\t\t\t\t\t\t<div class=\"portfolio-icons\">\r\n\t\t\t\t\t\t\t\t\t\t\t\t\t\t\t<a href=\"javascript: void(0);\" class=\"icon self-link\" aria-label=\"Desarrollo de la Identidad Profesional Docente\">\r\n\t\t\t\t\t\t\t\t\t\t\t\t\t\t\t\t\t\t\t\t\t\t\t\t\t\t\t\t\t\t\t\t\t<i class=\"default\"><\/i>\r\n\t\t\t\t\t\t\t\t\t\t\t\t\t\t\t\t\t\t\t\t\t\t\t\t\t\t\t\t\t\t\t<\/a>\r\n\t\t\t\t\t\t\t\t\t\t\t\t\t\t<\/div>\r\n\t\t\t\t\t\t\t\t\t\t\t\t\t\t\t\t\t\t\t\t\t\t\t\t\t\r\n\t\t\t\t\t\t\t\t\t\t\t\t\r\n\t\t\t\t\t\t\t\t\t\t\t\t\t\t\t\t\t\t\t\t\t\t\t\r\n\t\t\t\t\t\t\t\t\t\t\t\r\n\t\t\t\t\t\t\t\t\t\t\t\t\t\t\t\t\t\t\t\t\t<\/div>\r\n\t\t\t\t\t\t\t\t\t<\/div>\r\n\t\t\t\t\t\t\t\t<\/div>\r\n\t\t\t\t\t\t\t<\/div>\r\n\t\t\t\t\t\t\t\t\t\t\t<\/div>\r\n\t\t\t\t\r\n\t\t\t\t\t\t\t\t\t<div class=\"caption post-1990 post type-post status-publish format-standard has-post-thumbnail category-socialescerrado\">\r\n\r\n\t\t\t\t\t\t\r\n\t\t\t\t\t\t\t\t\r\n\t\t\t\t\t\t\t\t\t\t\t\t\t\t\t<div class=\"title\">\r\n\t\t\t\t\t\t\t\t<span class=\"title-h5 \"><a href=\"https:\/\/inntech.uma.es\/aulaonline\/master-en-desarrollo-de-la-identidad-profesional-docente\/\" rel=\"bookmark\">Desarrollo de la Identidad Profesional Docente<\/a><\/span>\t\t\t\t\t\t\t<\/div>\r\n\t\t\t\t\t\t\r\n\t\t\t\t\t\t\r\n\t\t\t\t\t\t\t\t\t\t\t\t\t\t\t\t\t\t\t\t\t<div class=\"description text-body\">\r\n\t\t\t\t\t\t\t\t\t<p>El M\u00e1ster de Formaci\u00f3n Permanente pretende analizar los procesos de construcci\u00f3n de la identidad profesional docente en relaci\u00f3n a las estrategias de socializaci\u00f3n y pr\u00e1ctica profesional desarrolladas.<\/p>\n\t\t\t\t\t\t\t\t<\/div>\r\n\t\t\t\t\t\t\t\t\t\t\t\t\t\t\t\t\t\t<\/div>\r\n\t\t\t\t\t\t\t<\/div>\r\n\t\t\t\t<\/div>\r\n\t<div class=\"portfolio-item socialescerrado col-xs-12 col-sm-6 col-md-4 item-animations-not-inited before-start post-hide-categories post-hide-date post-has-author appearance-type- post-2038 post type-post status-publish format-standard has-post-thumbnail category-socialescerrado\" style=\"padding: calc(42px\/2)\" data-default-sort=\"0\" data-sort-date=\"1744976437\">\r\n\t\t\t\t\t\r\n\t\t\t<div class=\"wrap clearfix\">\r\n\t\t\t\t\t\t\t\t\t\t\t\t\t<div class=\"image post-2038 post type-post status-publish format-standard has-post-thumbnail category-socialescerrado\">\r\n\t\t\t\t\t\t<div class=\"image-inner \">\r\n\r\n\t\t\t\t\t\t\t<div class=\"post-featured-content\"><a href=\"https:\/\/inntech.uma.es\/aulaonline\/economia-social-y-desarrollo-sostenible\/\">\t\t<picture>\n\t\t\t\t\t\t<img src=\"https:\/\/inntech.uma.es\/aulaonline\/wp-content\/uploads\/2025\/04\/EconomiaSocialDesarrolloSostenible-300x172.png\" width=\"300\" height=\"172\"  class=\"img-responsive\" alt=\"EconomiaSocialDesarrolloSostenible\" \/>\n\t\t<\/picture>\n\t\t<\/a><\/div>\t\t\t\t\t\t<\/div>\r\n\r\n\t\t\t\t\t\t\t\t\t\t\t\t\t<div class=\"overlay\">\r\n\t\t\t\t\t\t\t\t<div class=\"overlay-circle\"><\/div>\r\n\r\n\t\t\t\t\t\t\t\t<div class=\"links-wrapper\">\r\n\t\t\t\t\t\t\t\t\t<div class=\"links\">\r\n\t\t\t\t\t\t\t\t\t\t<div class=\"caption\">\r\n\t\t\t\t\t\t\t\t\t\t\t<a href=\"https:\/\/inntech.uma.es\/aulaonline\/economia-social-y-desarrollo-sostenible\/\" class=\"portfolio-item-link\">\r\n\t\t\t\t\t\t\t\t\t\t\t\t<span class=\"screen-reader-text\">Econom\u00eda Social y Desarrollo Sostenible<\/span>\r\n\t\t\t\t\t\t\t\t\t\t\t<\/a>\r\n\r\n\t\t\t\t\t\t\t\t\t\t\t\t\t\t\t\t\t\t\t\t\t\t\t\t\t\t\t\t\t\t\t\t\t\t\t\t\t<div class=\"portfolio-icons\">\r\n\t\t\t\t\t\t\t\t\t\t\t\t\t\t\t<a href=\"javascript: void(0);\" class=\"icon self-link\" aria-label=\"Econom\u00eda Social y Desarrollo Sostenible\">\r\n\t\t\t\t\t\t\t\t\t\t\t\t\t\t\t\t\t\t\t\t\t\t\t\t\t\t\t\t\t\t\t\t\t<i class=\"default\"><\/i>\r\n\t\t\t\t\t\t\t\t\t\t\t\t\t\t\t\t\t\t\t\t\t\t\t\t\t\t\t\t\t\t\t<\/a>\r\n\t\t\t\t\t\t\t\t\t\t\t\t\t\t<\/div>\r\n\t\t\t\t\t\t\t\t\t\t\t\t\t\t\t\t\t\t\t\t\t\t\t\t\t\r\n\t\t\t\t\t\t\t\t\t\t\t\t\r\n\t\t\t\t\t\t\t\t\t\t\t\t\t\t\t\t\t\t\t\t\t\t\t\r\n\t\t\t\t\t\t\t\t\t\t\t\r\n\t\t\t\t\t\t\t\t\t\t\t\t\t\t\t\t\t\t\t\t\t<\/div>\r\n\t\t\t\t\t\t\t\t\t<\/div>\r\n\t\t\t\t\t\t\t\t<\/div>\r\n\t\t\t\t\t\t\t<\/div>\r\n\t\t\t\t\t\t\t\t\t\t\t<\/div>\r\n\t\t\t\t\r\n\t\t\t\t\t\t\t\t\t<div class=\"caption post-2038 post type-post status-publish format-standard has-post-thumbnail category-socialescerrado\">\r\n\r\n\t\t\t\t\t\t\r\n\t\t\t\t\t\t\t\t\r\n\t\t\t\t\t\t\t\t\t\t\t\t\t\t\t<div class=\"title\">\r\n\t\t\t\t\t\t\t\t<span class=\"title-h5 \"><a href=\"https:\/\/inntech.uma.es\/aulaonline\/economia-social-y-desarrollo-sostenible\/\" rel=\"bookmark\">Econom\u00eda Social y Desarrollo Sostenible<\/a><\/span>\t\t\t\t\t\t\t<\/div>\r\n\t\t\t\t\t\t\r\n\t\t\t\t\t\t\r\n\t\t\t\t\t\t\t\t\t\t\t\t\t\t\t\t\t\t\t\t\t<div class=\"description text-body\">\r\n\t\t\t\t\t\t\t\t\t<p>Analizar c\u00f3mo los principios de la econom\u00eda social pueden contribuir al desarrollo sostenible local, regional e internacional, abordando temas como la equidad de g\u00e9nero o la sostenibilidad ambiental.<\/p>\n\t\t\t\t\t\t\t\t<\/div>\r\n\t\t\t\t\t\t\t\t\t\t\t\t\t\t\t\t\t\t<\/div>\r\n\t\t\t\t\t\t\t<\/div>\r\n\t\t\t\t<\/div>\r\n\t<div class=\"portfolio-item socialescerrado col-xs-12 col-sm-6 col-md-4 item-animations-not-inited before-start post-hide-categories post-hide-date post-has-author appearance-type- post-3093 post type-post status-publish format-standard has-post-thumbnail category-socialescerrado\" style=\"padding: calc(42px\/2)\" data-default-sort=\"0\" data-sort-date=\"1759846346\">\r\n\t\t\t\t\t\r\n\t\t\t<div class=\"wrap clearfix\">\r\n\t\t\t\t\t\t\t\t\t\t\t\t\t<div class=\"image post-3093 post type-post status-publish format-standard has-post-thumbnail category-socialescerrado\">\r\n\t\t\t\t\t\t<div class=\"image-inner \">\r\n\r\n\t\t\t\t\t\t\t<div class=\"post-featured-content\"><a href=\"https:\/\/inntech.uma.es\/aulaonline\/educacion-formacion-profesionalizacion-en-sostenibilidad-consultoria-coordinacion-gestion-ambiental-rsc-emprendimiento-y-sistemas-productivos\/\">\t\t<picture>\n\t\t\t\t\t\t<img src=\"https:\/\/inntech.uma.es\/aulaonline\/wp-content\/uploads\/2025\/10\/ProfesionalizacionSostenibilidad-300x172.png\" width=\"300\" height=\"172\"  class=\"img-responsive\" alt=\"ProfesionalizacionSostenibilidad\" \/>\n\t\t<\/picture>\n\t\t<\/a><\/div>\t\t\t\t\t\t<\/div>\r\n\r\n\t\t\t\t\t\t\t\t\t\t\t\t\t<div class=\"overlay\">\r\n\t\t\t\t\t\t\t\t<div class=\"overlay-circle\"><\/div>\r\n\r\n\t\t\t\t\t\t\t\t<div class=\"links-wrapper\">\r\n\t\t\t\t\t\t\t\t\t<div class=\"links\">\r\n\t\t\t\t\t\t\t\t\t\t<div class=\"caption\">\r\n\t\t\t\t\t\t\t\t\t\t\t<a href=\"https:\/\/inntech.uma.es\/aulaonline\/educacion-formacion-profesionalizacion-en-sostenibilidad-consultoria-coordinacion-gestion-ambiental-rsc-emprendimiento-y-sistemas-productivos\/\" class=\"portfolio-item-link\">\r\n\t\t\t\t\t\t\t\t\t\t\t\t<span class=\"screen-reader-text\">Educaci\u00f3n, Formaci\u00f3n, Profesionalizaci\u00f3n en Sostenibilidad: Consultor\u00eda, Coordinaci\u00f3n, Gesti\u00f3n Ambiental, RSC, Emprendimiento y Sistemas Productivos<\/span>\r\n\t\t\t\t\t\t\t\t\t\t\t<\/a>\r\n\r\n\t\t\t\t\t\t\t\t\t\t\t\t\t\t\t\t\t\t\t\t\t\t\t\t\t\t\t\t\t\t\t\t\t\t\t\t\t<div class=\"portfolio-icons\">\r\n\t\t\t\t\t\t\t\t\t\t\t\t\t\t\t<a href=\"javascript: void(0);\" class=\"icon self-link\" aria-label=\"Educaci\u00f3n, Formaci\u00f3n, Profesionalizaci\u00f3n en Sostenibilidad: Consultor\u00eda, Coordinaci\u00f3n, Gesti\u00f3n Ambiental, RSC, Emprendimiento y Sistemas Productivos\">\r\n\t\t\t\t\t\t\t\t\t\t\t\t\t\t\t\t\t\t\t\t\t\t\t\t\t\t\t\t\t\t\t\t\t<i class=\"default\"><\/i>\r\n\t\t\t\t\t\t\t\t\t\t\t\t\t\t\t\t\t\t\t\t\t\t\t\t\t\t\t\t\t\t\t<\/a>\r\n\t\t\t\t\t\t\t\t\t\t\t\t\t\t<\/div>\r\n\t\t\t\t\t\t\t\t\t\t\t\t\t\t\t\t\t\t\t\t\t\t\t\t\t\r\n\t\t\t\t\t\t\t\t\t\t\t\t\r\n\t\t\t\t\t\t\t\t\t\t\t\t\t\t\t\t\t\t\t\t\t\t\t\r\n\t\t\t\t\t\t\t\t\t\t\t\r\n\t\t\t\t\t\t\t\t\t\t\t\t\t\t\t\t\t\t\t\t\t<\/div>\r\n\t\t\t\t\t\t\t\t\t<\/div>\r\n\t\t\t\t\t\t\t\t<\/div>\r\n\t\t\t\t\t\t\t<\/div>\r\n\t\t\t\t\t\t\t\t\t\t\t<\/div>\r\n\t\t\t\t\r\n\t\t\t\t\t\t\t\t\t<div class=\"caption post-3093 post type-post status-publish format-standard has-post-thumbnail category-socialescerrado\">\r\n\r\n\t\t\t\t\t\t\r\n\t\t\t\t\t\t\t\t\r\n\t\t\t\t\t\t\t\t\t\t\t\t\t\t\t<div class=\"title\">\r\n\t\t\t\t\t\t\t\t<span class=\"title-h5 \"><a href=\"https:\/\/inntech.uma.es\/aulaonline\/educacion-formacion-profesionalizacion-en-sostenibilidad-consultoria-coordinacion-gestion-ambiental-rsc-emprendimiento-y-sistemas-productivos\/\" rel=\"bookmark\">Educaci\u00f3n, Formaci\u00f3n, Profesionalizaci\u00f3n en Sostenibilidad: Consultor\u00eda, Coordinaci\u00f3n, Gesti\u00f3n Ambiental, RSC, Emprendimiento y Sistemas Productivos<\/a><\/span>\t\t\t\t\t\t\t<\/div>\r\n\t\t\t\t\t\t\r\n\t\t\t\t\t\t\r\n\t\t\t\t\t\t\t\t\t\t\t\t\t\t\t\t\t\t\t\t\t<div class=\"description text-body\">\r\n\t\t\t\t\t\t\t\t\t<p>Educaci\u00f3n, formaci\u00f3n, capacitaci\u00f3n, cualificaci\u00f3n y profesionalizaci\u00f3n en Sostenibilidad: perfiles profesionales de consultor\u00eda, Coordinaci\u00f3n, Gesti\u00f3n Ambiental de R.S.C., Emprendimiento y Sistemas Productivos.<\/p>\n\t\t\t\t\t\t\t\t<\/div>\r\n\t\t\t\t\t\t\t\t\t\t\t\t\t\t\t\t\t\t<\/div>\r\n\t\t\t\t\t\t\t<\/div>\r\n\t\t\t\t<\/div>\r\n\t<div class=\"portfolio-item socialescerrado col-xs-12 col-sm-6 col-md-4 item-animations-not-inited before-start post-hide-categories post-hide-date post-has-author appearance-type- post-2056 post type-post status-publish format-standard has-post-thumbnail category-socialescerrado\" style=\"padding: calc(42px\/2)\" data-default-sort=\"0\" data-sort-date=\"1744976540\">\r\n\t\t\t\t\t\r\n\t\t\t<div class=\"wrap clearfix\">\r\n\t\t\t\t\t\t\t\t\t\t\t\t\t<div class=\"image post-2056 post type-post status-publish format-standard has-post-thumbnail category-socialescerrado\">\r\n\t\t\t\t\t\t<div class=\"image-inner \">\r\n\r\n\t\t\t\t\t\t\t<div class=\"post-featured-content\"><a href=\"https:\/\/inntech.uma.es\/aulaonline\/excel-2016-profesional\/\">\t\t<picture>\n\t\t\t\t\t\t<img src=\"https:\/\/inntech.uma.es\/aulaonline\/wp-content\/uploads\/2025\/04\/Excel-1-300x172.png\" width=\"300\" height=\"172\"  class=\"img-responsive\" alt=\"Excel\" \/>\n\t\t<\/picture>\n\t\t<\/a><\/div>\t\t\t\t\t\t<\/div>\r\n\r\n\t\t\t\t\t\t\t\t\t\t\t\t\t<div class=\"overlay\">\r\n\t\t\t\t\t\t\t\t<div class=\"overlay-circle\"><\/div>\r\n\r\n\t\t\t\t\t\t\t\t<div class=\"links-wrapper\">\r\n\t\t\t\t\t\t\t\t\t<div class=\"links\">\r\n\t\t\t\t\t\t\t\t\t\t<div class=\"caption\">\r\n\t\t\t\t\t\t\t\t\t\t\t<a href=\"https:\/\/inntech.uma.es\/aulaonline\/excel-2016-profesional\/\" class=\"portfolio-item-link\">\r\n\t\t\t\t\t\t\t\t\t\t\t\t<span class=\"screen-reader-text\">Excel 2016 Profesional<\/span>\r\n\t\t\t\t\t\t\t\t\t\t\t<\/a>\r\n\r\n\t\t\t\t\t\t\t\t\t\t\t\t\t\t\t\t\t\t\t\t\t\t\t\t\t\t\t\t\t\t\t\t\t\t\t\t\t<div class=\"portfolio-icons\">\r\n\t\t\t\t\t\t\t\t\t\t\t\t\t\t\t<a href=\"javascript: void(0);\" class=\"icon self-link\" aria-label=\"Excel 2016 Profesional\">\r\n\t\t\t\t\t\t\t\t\t\t\t\t\t\t\t\t\t\t\t\t\t\t\t\t\t\t\t\t\t\t\t\t\t<i class=\"default\"><\/i>\r\n\t\t\t\t\t\t\t\t\t\t\t\t\t\t\t\t\t\t\t\t\t\t\t\t\t\t\t\t\t\t\t<\/a>\r\n\t\t\t\t\t\t\t\t\t\t\t\t\t\t<\/div>\r\n\t\t\t\t\t\t\t\t\t\t\t\t\t\t\t\t\t\t\t\t\t\t\t\t\t\r\n\t\t\t\t\t\t\t\t\t\t\t\t\r\n\t\t\t\t\t\t\t\t\t\t\t\t\t\t\t\t\t\t\t\t\t\t\t\r\n\t\t\t\t\t\t\t\t\t\t\t\r\n\t\t\t\t\t\t\t\t\t\t\t\t\t\t\t\t\t\t\t\t\t<\/div>\r\n\t\t\t\t\t\t\t\t\t<\/div>\r\n\t\t\t\t\t\t\t\t<\/div>\r\n\t\t\t\t\t\t\t<\/div>\r\n\t\t\t\t\t\t\t\t\t\t\t<\/div>\r\n\t\t\t\t\r\n\t\t\t\t\t\t\t\t\t<div class=\"caption post-2056 post type-post status-publish format-standard has-post-thumbnail category-socialescerrado\">\r\n\r\n\t\t\t\t\t\t\r\n\t\t\t\t\t\t\t\t\r\n\t\t\t\t\t\t\t\t\t\t\t\t\t\t\t<div class=\"title\">\r\n\t\t\t\t\t\t\t\t<span class=\"title-h5 \"><a href=\"https:\/\/inntech.uma.es\/aulaonline\/excel-2016-profesional\/\" rel=\"bookmark\">Excel 2016 Profesional<\/a><\/span>\t\t\t\t\t\t\t<\/div>\r\n\t\t\t\t\t\t\r\n\t\t\t\t\t\t\r\n\t\t\t\t\t\t\t\t\t\t\t\t\t\t\t\t\t\t\t\t\t<div class=\"description text-body\">\r\n\t\t\t\t\t\t\t\t\t<p>El Excel es una de las mejores hojas de c\u00e1lculo actualmente disponibles, el curso tiene numerosas pr\u00e1cticas, as\u00ed como explicaciones audiovisuales y cuestionarios para manejar Excel a nivel profesional.<\/p>\n\t\t\t\t\t\t\t\t<\/div>\r\n\t\t\t\t\t\t\t\t\t\t\t\t\t\t\t\t\t\t<\/div>\r\n\t\t\t\t\t\t\t<\/div>\r\n\t\t\t\t<\/div>\r\n\t<div class=\"portfolio-item socialescerrado col-xs-12 col-sm-6 col-md-4 item-animations-not-inited before-start post-hide-categories post-hide-date post-has-author appearance-type- post-2008 post type-post status-publish format-standard has-post-thumbnail category-socialescerrado\" style=\"padding: calc(42px\/2)\" data-default-sort=\"0\" data-sort-date=\"1744976430\">\r\n\t\t\t\t\t\r\n\t\t\t<div class=\"wrap clearfix\">\r\n\t\t\t\t\t\t\t\t\t\t\t\t\t<div class=\"image post-2008 post type-post status-publish format-standard has-post-thumbnail category-socialescerrado\">\r\n\t\t\t\t\t\t<div class=\"image-inner \">\r\n\r\n\t\t\t\t\t\t\t<div class=\"post-featured-content\"><a href=\"https:\/\/inntech.uma.es\/aulaonline\/formacion-para-organizaciones\/\">\t\t<picture>\n\t\t\t\t\t\t<img src=\"https:\/\/inntech.uma.es\/aulaonline\/wp-content\/uploads\/2025\/04\/FormacionOrganizaciones-300x172.png\" width=\"300\" height=\"172\"  class=\"img-responsive\" alt=\"FormacionOrganizaciones\" \/>\n\t\t<\/picture>\n\t\t<\/a><\/div>\t\t\t\t\t\t<\/div>\r\n\r\n\t\t\t\t\t\t\t\t\t\t\t\t\t<div class=\"overlay\">\r\n\t\t\t\t\t\t\t\t<div class=\"overlay-circle\"><\/div>\r\n\r\n\t\t\t\t\t\t\t\t<div class=\"links-wrapper\">\r\n\t\t\t\t\t\t\t\t\t<div class=\"links\">\r\n\t\t\t\t\t\t\t\t\t\t<div class=\"caption\">\r\n\t\t\t\t\t\t\t\t\t\t\t<a href=\"https:\/\/inntech.uma.es\/aulaonline\/formacion-para-organizaciones\/\" class=\"portfolio-item-link\">\r\n\t\t\t\t\t\t\t\t\t\t\t\t<span class=\"screen-reader-text\">Formaci\u00f3n para Organizaciones<\/span>\r\n\t\t\t\t\t\t\t\t\t\t\t<\/a>\r\n\r\n\t\t\t\t\t\t\t\t\t\t\t\t\t\t\t\t\t\t\t\t\t\t\t\t\t\t\t\t\t\t\t\t\t\t\t\t\t<div class=\"portfolio-icons\">\r\n\t\t\t\t\t\t\t\t\t\t\t\t\t\t\t<a href=\"javascript: void(0);\" class=\"icon self-link\" aria-label=\"Formaci\u00f3n para Organizaciones\">\r\n\t\t\t\t\t\t\t\t\t\t\t\t\t\t\t\t\t\t\t\t\t\t\t\t\t\t\t\t\t\t\t\t\t<i class=\"default\"><\/i>\r\n\t\t\t\t\t\t\t\t\t\t\t\t\t\t\t\t\t\t\t\t\t\t\t\t\t\t\t\t\t\t\t<\/a>\r\n\t\t\t\t\t\t\t\t\t\t\t\t\t\t<\/div>\r\n\t\t\t\t\t\t\t\t\t\t\t\t\t\t\t\t\t\t\t\t\t\t\t\t\t\r\n\t\t\t\t\t\t\t\t\t\t\t\t\r\n\t\t\t\t\t\t\t\t\t\t\t\t\t\t\t\t\t\t\t\t\t\t\t\r\n\t\t\t\t\t\t\t\t\t\t\t\r\n\t\t\t\t\t\t\t\t\t\t\t\t\t\t\t\t\t\t\t\t\t<\/div>\r\n\t\t\t\t\t\t\t\t\t<\/div>\r\n\t\t\t\t\t\t\t\t<\/div>\r\n\t\t\t\t\t\t\t<\/div>\r\n\t\t\t\t\t\t\t\t\t\t\t<\/div>\r\n\t\t\t\t\r\n\t\t\t\t\t\t\t\t\t<div class=\"caption post-2008 post type-post status-publish format-standard has-post-thumbnail category-socialescerrado\">\r\n\r\n\t\t\t\t\t\t\r\n\t\t\t\t\t\t\t\t\r\n\t\t\t\t\t\t\t\t\t\t\t\t\t\t\t<div class=\"title\">\r\n\t\t\t\t\t\t\t\t<span class=\"title-h5 \"><a href=\"https:\/\/inntech.uma.es\/aulaonline\/formacion-para-organizaciones\/\" rel=\"bookmark\">Formaci\u00f3n para Organizaciones<\/a><\/span>\t\t\t\t\t\t\t<\/div>\r\n\t\t\t\t\t\t\r\n\t\t\t\t\t\t\r\n\t\t\t\t\t\t\t\t\t\t\t\t\t\t\t\t\t\t\t\t\t<div class=\"description text-body\">\r\n\t\t\t\t\t\t\t\t\t<p>Formaci\u00f3n en competencias que permitan el dise\u00f1o de planes de formaci\u00f3n para organizaciones, su evaluaci\u00f3n, y la gesti\u00f3n de bonificaciones FUNDAE y otras fuentes de financiaci\u00f3n.<\/p>\n\t\t\t\t\t\t\t\t<\/div>\r\n\t\t\t\t\t\t\t\t\t\t\t\t\t\t\t\t\t\t<\/div>\r\n\t\t\t\t\t\t\t<\/div>\r\n\t\t\t\t<\/div>\r\n\t<div class=\"portfolio-item socialescerrado col-xs-12 col-sm-6 col-md-4 item-animations-not-inited before-start post-hide-categories post-hide-date post-has-author appearance-type- post-2050 post type-post status-publish format-standard has-post-thumbnail category-socialescerrado\" style=\"padding: calc(42px\/2)\" data-default-sort=\"0\" data-sort-date=\"1744976517\">\r\n\t\t\t\t\t\r\n\t\t\t<div class=\"wrap clearfix\">\r\n\t\t\t\t\t\t\t\t\t\t\t\t\t<div class=\"image post-2050 post type-post status-publish format-standard has-post-thumbnail category-socialescerrado\">\r\n\t\t\t\t\t\t<div class=\"image-inner \">\r\n\r\n\t\t\t\t\t\t\t<div class=\"post-featured-content\"><a href=\"https:\/\/inntech.uma.es\/aulaonline\/fundamentos-de-la-economia-social\/\">\t\t<picture>\n\t\t\t\t\t\t<img src=\"https:\/\/inntech.uma.es\/aulaonline\/wp-content\/uploads\/2025\/04\/EconomiaSocial_2025_2026-300x172.png\" width=\"300\" height=\"172\"  class=\"img-responsive\" alt=\"EconomiaSocial_2025_2026\" \/>\n\t\t<\/picture>\n\t\t<\/a><\/div>\t\t\t\t\t\t<\/div>\r\n\r\n\t\t\t\t\t\t\t\t\t\t\t\t\t<div class=\"overlay\">\r\n\t\t\t\t\t\t\t\t<div class=\"overlay-circle\"><\/div>\r\n\r\n\t\t\t\t\t\t\t\t<div class=\"links-wrapper\">\r\n\t\t\t\t\t\t\t\t\t<div class=\"links\">\r\n\t\t\t\t\t\t\t\t\t\t<div class=\"caption\">\r\n\t\t\t\t\t\t\t\t\t\t\t<a href=\"https:\/\/inntech.uma.es\/aulaonline\/fundamentos-de-la-economia-social\/\" class=\"portfolio-item-link\">\r\n\t\t\t\t\t\t\t\t\t\t\t\t<span class=\"screen-reader-text\">Fundamentos de la Econom\u00eda Social<\/span>\r\n\t\t\t\t\t\t\t\t\t\t\t<\/a>\r\n\r\n\t\t\t\t\t\t\t\t\t\t\t\t\t\t\t\t\t\t\t\t\t\t\t\t\t\t\t\t\t\t\t\t\t\t\t\t\t<div class=\"portfolio-icons\">\r\n\t\t\t\t\t\t\t\t\t\t\t\t\t\t\t<a href=\"javascript: void(0);\" class=\"icon self-link\" aria-label=\"Fundamentos de la Econom\u00eda Social\">\r\n\t\t\t\t\t\t\t\t\t\t\t\t\t\t\t\t\t\t\t\t\t\t\t\t\t\t\t\t\t\t\t\t\t<i class=\"default\"><\/i>\r\n\t\t\t\t\t\t\t\t\t\t\t\t\t\t\t\t\t\t\t\t\t\t\t\t\t\t\t\t\t\t\t<\/a>\r\n\t\t\t\t\t\t\t\t\t\t\t\t\t\t<\/div>\r\n\t\t\t\t\t\t\t\t\t\t\t\t\t\t\t\t\t\t\t\t\t\t\t\t\t\r\n\t\t\t\t\t\t\t\t\t\t\t\t\r\n\t\t\t\t\t\t\t\t\t\t\t\t\t\t\t\t\t\t\t\t\t\t\t\r\n\t\t\t\t\t\t\t\t\t\t\t\r\n\t\t\t\t\t\t\t\t\t\t\t\t\t\t\t\t\t\t\t\t\t<\/div>\r\n\t\t\t\t\t\t\t\t\t<\/div>\r\n\t\t\t\t\t\t\t\t<\/div>\r\n\t\t\t\t\t\t\t<\/div>\r\n\t\t\t\t\t\t\t\t\t\t\t<\/div>\r\n\t\t\t\t\r\n\t\t\t\t\t\t\t\t\t<div class=\"caption post-2050 post type-post status-publish format-standard has-post-thumbnail category-socialescerrado\">\r\n\r\n\t\t\t\t\t\t\r\n\t\t\t\t\t\t\t\t\r\n\t\t\t\t\t\t\t\t\t\t\t\t\t\t\t<div class=\"title\">\r\n\t\t\t\t\t\t\t\t<span class=\"title-h5 \"><a href=\"https:\/\/inntech.uma.es\/aulaonline\/fundamentos-de-la-economia-social\/\" rel=\"bookmark\">Fundamentos de la Econom\u00eda Social<\/a><\/span>\t\t\t\t\t\t\t<\/div>\r\n\t\t\t\t\t\t\r\n\t\t\t\t\t\t\r\n\t\t\t\t\t\t\t\t\t\t\t\t\t\t\t\t\t\t\t\t\t<div class=\"description text-body\">\r\n\t\t\t\t\t\t\t\t\t<p>Acci\u00f3n formativa que introduce al estudiante en el concepto, caracter\u00edsticas y peculiaridades de las empresas de econom\u00eda social, haciendo hincapi\u00e9 en las sociedades cooperativas.<\/p>\n\t\t\t\t\t\t\t\t<\/div>\r\n\t\t\t\t\t\t\t\t\t\t\t\t\t\t\t\t\t\t<\/div>\r\n\t\t\t\t\t\t\t<\/div>\r\n\t\t\t\t<\/div>\r\n\t<div class=\"portfolio-item socialescerrado col-xs-12 col-sm-6 col-md-4 item-animations-not-inited before-start post-hide-categories post-hide-date post-has-author appearance-type- post-2071 post type-post status-publish format-standard has-post-thumbnail category-socialescerrado\" style=\"padding: calc(42px\/2)\" data-default-sort=\"0\" data-sort-date=\"1744976476\">\r\n\t\t\t\t\t\r\n\t\t\t<div class=\"wrap clearfix\">\r\n\t\t\t\t\t\t\t\t\t\t\t\t\t<div class=\"image post-2071 post type-post status-publish format-standard has-post-thumbnail category-socialescerrado\">\r\n\t\t\t\t\t\t<div class=\"image-inner \">\r\n\r\n\t\t\t\t\t\t\t<div class=\"post-featured-content\"><a href=\"https:\/\/inntech.uma.es\/aulaonline\/genograma-y-ecomapa-en-la-intervencion-social\/\">\t\t<picture>\n\t\t\t\t\t\t<img src=\"https:\/\/inntech.uma.es\/aulaonline\/wp-content\/uploads\/2025\/04\/Genograma-300x172.png\" width=\"300\" height=\"172\"  class=\"img-responsive\" alt=\"Genograma\" \/>\n\t\t<\/picture>\n\t\t<\/a><\/div>\t\t\t\t\t\t<\/div>\r\n\r\n\t\t\t\t\t\t\t\t\t\t\t\t\t<div class=\"overlay\">\r\n\t\t\t\t\t\t\t\t<div class=\"overlay-circle\"><\/div>\r\n\r\n\t\t\t\t\t\t\t\t<div class=\"links-wrapper\">\r\n\t\t\t\t\t\t\t\t\t<div class=\"links\">\r\n\t\t\t\t\t\t\t\t\t\t<div class=\"caption\">\r\n\t\t\t\t\t\t\t\t\t\t\t<a href=\"https:\/\/inntech.uma.es\/aulaonline\/genograma-y-ecomapa-en-la-intervencion-social\/\" class=\"portfolio-item-link\">\r\n\t\t\t\t\t\t\t\t\t\t\t\t<span class=\"screen-reader-text\">Genograma y Ecomapa en la Intervenci\u00f3n Social<\/span>\r\n\t\t\t\t\t\t\t\t\t\t\t<\/a>\r\n\r\n\t\t\t\t\t\t\t\t\t\t\t\t\t\t\t\t\t\t\t\t\t\t\t\t\t\t\t\t\t\t\t\t\t\t\t\t\t<div class=\"portfolio-icons\">\r\n\t\t\t\t\t\t\t\t\t\t\t\t\t\t\t<a href=\"javascript: void(0);\" class=\"icon self-link\" aria-label=\"Genograma y Ecomapa en la Intervenci\u00f3n Social\">\r\n\t\t\t\t\t\t\t\t\t\t\t\t\t\t\t\t\t\t\t\t\t\t\t\t\t\t\t\t\t\t\t\t\t<i class=\"default\"><\/i>\r\n\t\t\t\t\t\t\t\t\t\t\t\t\t\t\t\t\t\t\t\t\t\t\t\t\t\t\t\t\t\t\t<\/a>\r\n\t\t\t\t\t\t\t\t\t\t\t\t\t\t<\/div>\r\n\t\t\t\t\t\t\t\t\t\t\t\t\t\t\t\t\t\t\t\t\t\t\t\t\t\r\n\t\t\t\t\t\t\t\t\t\t\t\t\r\n\t\t\t\t\t\t\t\t\t\t\t\t\t\t\t\t\t\t\t\t\t\t\t\r\n\t\t\t\t\t\t\t\t\t\t\t\r\n\t\t\t\t\t\t\t\t\t\t\t\t\t\t\t\t\t\t\t\t\t<\/div>\r\n\t\t\t\t\t\t\t\t\t<\/div>\r\n\t\t\t\t\t\t\t\t<\/div>\r\n\t\t\t\t\t\t\t<\/div>\r\n\t\t\t\t\t\t\t\t\t\t\t<\/div>\r\n\t\t\t\t\r\n\t\t\t\t\t\t\t\t\t<div class=\"caption post-2071 post type-post status-publish format-standard has-post-thumbnail category-socialescerrado\">\r\n\r\n\t\t\t\t\t\t\r\n\t\t\t\t\t\t\t\t\r\n\t\t\t\t\t\t\t\t\t\t\t\t\t\t\t<div class=\"title\">\r\n\t\t\t\t\t\t\t\t<span class=\"title-h5 \"><a href=\"https:\/\/inntech.uma.es\/aulaonline\/genograma-y-ecomapa-en-la-intervencion-social\/\" rel=\"bookmark\">Genograma y Ecomapa en la Intervenci\u00f3n Social<\/a><\/span>\t\t\t\t\t\t\t<\/div>\r\n\t\t\t\t\t\t\r\n\t\t\t\t\t\t\r\n\t\t\t\t\t\t\t\t\t\t\t\t\t\t\t\t\t\t\t\t\t<div class=\"description text-body\">\r\n\t\t\t\t\t\t\t\t\t<p>Curso pr\u00e1ctico de especializaci\u00f3n en t\u00e9cnicas de intervenci\u00f3n social con individuos y familias: genograma y ecomapa. Utilizaci\u00f3n de software profesional. M\u00e9todo basado en resoluci\u00f3n de casos.<\/p>\n\t\t\t\t\t\t\t\t<\/div>\r\n\t\t\t\t\t\t\t\t\t\t\t\t\t\t\t\t\t\t<\/div>\r\n\t\t\t\t\t\t\t<\/div>\r\n\t\t\t\t<\/div>\r\n\t<div class=\"portfolio-item socialescerrado col-xs-12 col-sm-6 col-md-4 item-animations-not-inited before-start post-hide-categories post-hide-date post-has-author appearance-type- post-1984 post type-post status-publish format-standard has-post-thumbnail category-socialescerrado\" style=\"padding: calc(42px\/2)\" data-default-sort=\"0\" data-sort-date=\"1744976509\">\r\n\t\t\t\t\t\r\n\t\t\t<div class=\"wrap clearfix\">\r\n\t\t\t\t\t\t\t\t\t\t\t\t\t<div class=\"image post-1984 post type-post status-publish format-standard has-post-thumbnail category-socialescerrado\">\r\n\t\t\t\t\t\t<div class=\"image-inner \">\r\n\r\n\t\t\t\t\t\t\t<div class=\"post-featured-content\"><a href=\"https:\/\/inntech.uma.es\/aulaonline\/gestion-universitaria-internacional\/\">\t\t<picture>\n\t\t\t\t\t\t<img src=\"https:\/\/inntech.uma.es\/aulaonline\/wp-content\/uploads\/2025\/04\/GestionUniversitaria_II-300x172.png\" width=\"300\" height=\"172\"  class=\"img-responsive\" alt=\"GestionUniversitaria_II\" \/>\n\t\t<\/picture>\n\t\t<\/a><\/div>\t\t\t\t\t\t<\/div>\r\n\r\n\t\t\t\t\t\t\t\t\t\t\t\t\t<div class=\"overlay\">\r\n\t\t\t\t\t\t\t\t<div class=\"overlay-circle\"><\/div>\r\n\r\n\t\t\t\t\t\t\t\t<div class=\"links-wrapper\">\r\n\t\t\t\t\t\t\t\t\t<div class=\"links\">\r\n\t\t\t\t\t\t\t\t\t\t<div class=\"caption\">\r\n\t\t\t\t\t\t\t\t\t\t\t<a href=\"https:\/\/inntech.uma.es\/aulaonline\/gestion-universitaria-internacional\/\" class=\"portfolio-item-link\">\r\n\t\t\t\t\t\t\t\t\t\t\t\t<span class=\"screen-reader-text\">Gesti\u00f3n Universitaria Internacional<\/span>\r\n\t\t\t\t\t\t\t\t\t\t\t<\/a>\r\n\r\n\t\t\t\t\t\t\t\t\t\t\t\t\t\t\t\t\t\t\t\t\t\t\t\t\t\t\t\t\t\t\t\t\t\t\t\t\t<div class=\"portfolio-icons\">\r\n\t\t\t\t\t\t\t\t\t\t\t\t\t\t\t<a href=\"javascript: void(0);\" class=\"icon self-link\" aria-label=\"Gesti\u00f3n Universitaria Internacional\">\r\n\t\t\t\t\t\t\t\t\t\t\t\t\t\t\t\t\t\t\t\t\t\t\t\t\t\t\t\t\t\t\t\t\t<i class=\"default\"><\/i>\r\n\t\t\t\t\t\t\t\t\t\t\t\t\t\t\t\t\t\t\t\t\t\t\t\t\t\t\t\t\t\t\t<\/a>\r\n\t\t\t\t\t\t\t\t\t\t\t\t\t\t<\/div>\r\n\t\t\t\t\t\t\t\t\t\t\t\t\t\t\t\t\t\t\t\t\t\t\t\t\t\r\n\t\t\t\t\t\t\t\t\t\t\t\t\r\n\t\t\t\t\t\t\t\t\t\t\t\t\t\t\t\t\t\t\t\t\t\t\t\r\n\t\t\t\t\t\t\t\t\t\t\t\r\n\t\t\t\t\t\t\t\t\t\t\t\t\t\t\t\t\t\t\t\t\t<\/div>\r\n\t\t\t\t\t\t\t\t\t<\/div>\r\n\t\t\t\t\t\t\t\t<\/div>\r\n\t\t\t\t\t\t\t<\/div>\r\n\t\t\t\t\t\t\t\t\t\t\t<\/div>\r\n\t\t\t\t\r\n\t\t\t\t\t\t\t\t\t<div class=\"caption post-1984 post type-post status-publish format-standard has-post-thumbnail category-socialescerrado\">\r\n\r\n\t\t\t\t\t\t\r\n\t\t\t\t\t\t\t\t\r\n\t\t\t\t\t\t\t\t\t\t\t\t\t\t\t<div class=\"title\">\r\n\t\t\t\t\t\t\t\t<span class=\"title-h5 \"><a href=\"https:\/\/inntech.uma.es\/aulaonline\/gestion-universitaria-internacional\/\" rel=\"bookmark\">Gesti\u00f3n Universitaria Internacional<\/a><\/span>\t\t\t\t\t\t\t<\/div>\r\n\t\t\t\t\t\t\r\n\t\t\t\t\t\t\r\n\t\t\t\t\t\t\t\t\t\t\t\t\t\t\t\t\t\t\t\t\t<div class=\"description text-body\">\r\n\t\t\t\t\t\t\t\t\t<p>Estudio integral de la gesti\u00f3n universitaria en todos sus aspectos: Recursos Humanos, Gesti\u00f3n econ\u00f3mica, Recursos tecnol\u00f3gicos, Bibliotecas, Archivos, Habilidades directivas, etc.<\/p>\n\t\t\t\t\t\t\t\t<\/div>\r\n\t\t\t\t\t\t\t\t\t\t\t\t\t\t\t\t\t\t<\/div>\r\n\t\t\t\t\t\t\t<\/div>\r\n\t\t\t\t<\/div>\r\n\t<div class=\"portfolio-item socialescerrado col-xs-12 col-sm-6 col-md-4 item-animations-not-inited before-start post-hide-categories post-hide-date post-has-author appearance-type- post-2083 post type-post status-publish format-standard has-post-thumbnail category-socialescerrado\" style=\"padding: calc(42px\/2)\" data-default-sort=\"0\" data-sort-date=\"1744976461\">\r\n\t\t\t\t\t\r\n\t\t\t<div class=\"wrap clearfix\">\r\n\t\t\t\t\t\t\t\t\t\t\t\t\t<div class=\"image post-2083 post type-post status-publish format-standard has-post-thumbnail category-socialescerrado\">\r\n\t\t\t\t\t\t<div class=\"image-inner \">\r\n\r\n\t\t\t\t\t\t\t<div class=\"post-featured-content\"><a href=\"https:\/\/inntech.uma.es\/aulaonline\/hr-analytics-con-power-bi\/\">\t\t<picture>\n\t\t\t\t\t\t<img src=\"https:\/\/inntech.uma.es\/aulaonline\/wp-content\/uploads\/2025\/04\/AnalyticsPowerBI-300x172.png\" width=\"300\" height=\"172\"  class=\"img-responsive\" alt=\"AnalyticsPowerBI\" \/>\n\t\t<\/picture>\n\t\t<\/a><\/div>\t\t\t\t\t\t<\/div>\r\n\r\n\t\t\t\t\t\t\t\t\t\t\t\t\t<div class=\"overlay\">\r\n\t\t\t\t\t\t\t\t<div class=\"overlay-circle\"><\/div>\r\n\r\n\t\t\t\t\t\t\t\t<div class=\"links-wrapper\">\r\n\t\t\t\t\t\t\t\t\t<div class=\"links\">\r\n\t\t\t\t\t\t\t\t\t\t<div class=\"caption\">\r\n\t\t\t\t\t\t\t\t\t\t\t<a href=\"https:\/\/inntech.uma.es\/aulaonline\/hr-analytics-con-power-bi\/\" class=\"portfolio-item-link\">\r\n\t\t\t\t\t\t\t\t\t\t\t\t<span class=\"screen-reader-text\">HR Analytics con Power BI<\/span>\r\n\t\t\t\t\t\t\t\t\t\t\t<\/a>\r\n\r\n\t\t\t\t\t\t\t\t\t\t\t\t\t\t\t\t\t\t\t\t\t\t\t\t\t\t\t\t\t\t\t\t\t\t\t\t\t<div class=\"portfolio-icons\">\r\n\t\t\t\t\t\t\t\t\t\t\t\t\t\t\t<a href=\"javascript: void(0);\" class=\"icon self-link\" aria-label=\"HR Analytics con Power BI\">\r\n\t\t\t\t\t\t\t\t\t\t\t\t\t\t\t\t\t\t\t\t\t\t\t\t\t\t\t\t\t\t\t\t\t<i class=\"default\"><\/i>\r\n\t\t\t\t\t\t\t\t\t\t\t\t\t\t\t\t\t\t\t\t\t\t\t\t\t\t\t\t\t\t\t<\/a>\r\n\t\t\t\t\t\t\t\t\t\t\t\t\t\t<\/div>\r\n\t\t\t\t\t\t\t\t\t\t\t\t\t\t\t\t\t\t\t\t\t\t\t\t\t\r\n\t\t\t\t\t\t\t\t\t\t\t\t\r\n\t\t\t\t\t\t\t\t\t\t\t\t\t\t\t\t\t\t\t\t\t\t\t\r\n\t\t\t\t\t\t\t\t\t\t\t\r\n\t\t\t\t\t\t\t\t\t\t\t\t\t\t\t\t\t\t\t\t\t<\/div>\r\n\t\t\t\t\t\t\t\t\t<\/div>\r\n\t\t\t\t\t\t\t\t<\/div>\r\n\t\t\t\t\t\t\t<\/div>\r\n\t\t\t\t\t\t\t\t\t\t\t<\/div>\r\n\t\t\t\t\r\n\t\t\t\t\t\t\t\t\t<div class=\"caption post-2083 post type-post status-publish format-standard has-post-thumbnail category-socialescerrado\">\r\n\r\n\t\t\t\t\t\t\r\n\t\t\t\t\t\t\t\t\r\n\t\t\t\t\t\t\t\t\t\t\t\t\t\t\t<div class=\"title\">\r\n\t\t\t\t\t\t\t\t<span class=\"title-h5 \"><a href=\"https:\/\/inntech.uma.es\/aulaonline\/hr-analytics-con-power-bi\/\" rel=\"bookmark\">HR Analytics con Power BI<\/a><\/span>\t\t\t\t\t\t\t<\/div>\r\n\t\t\t\t\t\t\r\n\t\t\t\t\t\t\r\n\t\t\t\t\t\t\t\t\t\t\t\t\t\t\t\t\t\t\t\t\t<div class=\"description text-body\">\r\n\t\t\t\t\t\t\t\t\t<p>Curso pr\u00e1ctico para elaborar y analizar cuadros de mando interactivos y tomar decisiones en recursos humanos con power bi desktop: el software libre de inteligencia empresarial m\u00e1s usado.<\/p>\n\t\t\t\t\t\t\t\t<\/div>\r\n\t\t\t\t\t\t\t\t\t\t\t\t\t\t\t\t\t\t<\/div>\r\n\t\t\t\t\t\t\t<\/div>\r\n\t\t\t\t<\/div>\r\n\t<div class=\"portfolio-item socialescerrado col-xs-12 col-sm-6 col-md-4 item-animations-not-inited before-start post-hide-categories post-hide-date post-has-author appearance-type- post-2026 post type-post status-publish format-standard has-post-thumbnail category-socialescerrado\" style=\"padding: calc(42px\/2)\" data-default-sort=\"0\" data-sort-date=\"1744976398\">\r\n\t\t\t\t\t\r\n\t\t\t<div class=\"wrap clearfix\">\r\n\t\t\t\t\t\t\t\t\t\t\t\t\t<div class=\"image post-2026 post type-post status-publish format-standard has-post-thumbnail category-socialescerrado\">\r\n\t\t\t\t\t\t<div class=\"image-inner \">\r\n\r\n\t\t\t\t\t\t\t<div class=\"post-featured-content\"><a href=\"https:\/\/inntech.uma.es\/aulaonline\/igualdad-de-genero-formas-contenidos-y-acciones\/\">\t\t<picture>\n\t\t\t\t\t\t<img src=\"https:\/\/inntech.uma.es\/aulaonline\/wp-content\/uploads\/2025\/04\/IgualdadGenero-300x172.png\" width=\"300\" height=\"172\"  class=\"img-responsive\" alt=\"IgualdadGenero\" \/>\n\t\t<\/picture>\n\t\t<\/a><\/div>\t\t\t\t\t\t<\/div>\r\n\r\n\t\t\t\t\t\t\t\t\t\t\t\t\t<div class=\"overlay\">\r\n\t\t\t\t\t\t\t\t<div class=\"overlay-circle\"><\/div>\r\n\r\n\t\t\t\t\t\t\t\t<div class=\"links-wrapper\">\r\n\t\t\t\t\t\t\t\t\t<div class=\"links\">\r\n\t\t\t\t\t\t\t\t\t\t<div class=\"caption\">\r\n\t\t\t\t\t\t\t\t\t\t\t<a href=\"https:\/\/inntech.uma.es\/aulaonline\/igualdad-de-genero-formas-contenidos-y-acciones\/\" class=\"portfolio-item-link\">\r\n\t\t\t\t\t\t\t\t\t\t\t\t<span class=\"screen-reader-text\">Igualdad de G\u00e9nero: Formas, Contenidos y Acciones<\/span>\r\n\t\t\t\t\t\t\t\t\t\t\t<\/a>\r\n\r\n\t\t\t\t\t\t\t\t\t\t\t\t\t\t\t\t\t\t\t\t\t\t\t\t\t\t\t\t\t\t\t\t\t\t\t\t\t<div class=\"portfolio-icons\">\r\n\t\t\t\t\t\t\t\t\t\t\t\t\t\t\t<a href=\"javascript: void(0);\" class=\"icon self-link\" aria-label=\"Igualdad de G\u00e9nero: Formas, Contenidos y Acciones\">\r\n\t\t\t\t\t\t\t\t\t\t\t\t\t\t\t\t\t\t\t\t\t\t\t\t\t\t\t\t\t\t\t\t\t<i class=\"default\"><\/i>\r\n\t\t\t\t\t\t\t\t\t\t\t\t\t\t\t\t\t\t\t\t\t\t\t\t\t\t\t\t\t\t\t<\/a>\r\n\t\t\t\t\t\t\t\t\t\t\t\t\t\t<\/div>\r\n\t\t\t\t\t\t\t\t\t\t\t\t\t\t\t\t\t\t\t\t\t\t\t\t\t\r\n\t\t\t\t\t\t\t\t\t\t\t\t\r\n\t\t\t\t\t\t\t\t\t\t\t\t\t\t\t\t\t\t\t\t\t\t\t\r\n\t\t\t\t\t\t\t\t\t\t\t\r\n\t\t\t\t\t\t\t\t\t\t\t\t\t\t\t\t\t\t\t\t\t<\/div>\r\n\t\t\t\t\t\t\t\t\t<\/div>\r\n\t\t\t\t\t\t\t\t<\/div>\r\n\t\t\t\t\t\t\t<\/div>\r\n\t\t\t\t\t\t\t\t\t\t\t<\/div>\r\n\t\t\t\t\r\n\t\t\t\t\t\t\t\t\t<div class=\"caption post-2026 post type-post status-publish format-standard has-post-thumbnail category-socialescerrado\">\r\n\r\n\t\t\t\t\t\t\r\n\t\t\t\t\t\t\t\t\r\n\t\t\t\t\t\t\t\t\t\t\t\t\t\t\t<div class=\"title\">\r\n\t\t\t\t\t\t\t\t<span class=\"title-h5 \"><a href=\"https:\/\/inntech.uma.es\/aulaonline\/igualdad-de-genero-formas-contenidos-y-acciones\/\" rel=\"bookmark\">Igualdad de G\u00e9nero: Formas, Contenidos y Acciones<\/a><\/span>\t\t\t\t\t\t\t<\/div>\r\n\t\t\t\t\t\t\r\n\t\t\t\t\t\t\r\n\t\t\t\t\t\t\t\t\t\t\t\t\t\t\t\t\t\t\t\t\t<div class=\"description text-body\">\r\n\t\t\t\t\t\t\t\t\t<p>Aproximaci\u00f3n y formaci\u00f3n en lenguaje inclusivo, corresponsabilidad de hombres y mujeres en tareas dom\u00e9sticas y de cuidados y asociacionismo femenino.<\/p>\n\t\t\t\t\t\t\t\t<\/div>\r\n\t\t\t\t\t\t\t\t\t\t\t\t\t\t\t\t\t\t<\/div>\r\n\t\t\t\t\t\t\t<\/div>\r\n\t\t\t\t<\/div>\r\n\t<div class=\"portfolio-item socialescerrado col-xs-12 col-sm-6 col-md-4 item-animations-not-inited before-start post-hide-categories post-hide-date post-has-author appearance-type- post-2032 post type-post status-publish format-standard has-post-thumbnail category-socialescerrado\" style=\"padding: calc(42px\/2)\" data-default-sort=\"0\" data-sort-date=\"1744976423\">\r\n\t\t\t\t\t\r\n\t\t\t<div class=\"wrap clearfix\">\r\n\t\t\t\t\t\t\t\t\t\t\t\t\t<div class=\"image post-2032 post type-post status-publish format-standard has-post-thumbnail category-socialescerrado\">\r\n\t\t\t\t\t\t<div class=\"image-inner \">\r\n\r\n\t\t\t\t\t\t\t<div class=\"post-featured-content\"><a href=\"https:\/\/inntech.uma.es\/aulaonline\/instrumentos-y-buenas-practicas-en-atencion-social-integral-a-jovenes-rurales\/\">\t\t<picture>\n\t\t\t\t\t\t<img src=\"https:\/\/inntech.uma.es\/aulaonline\/wp-content\/uploads\/2025\/04\/JovenesRurales-1-300x172.png\" width=\"300\" height=\"172\"  class=\"img-responsive\" alt=\"JovenesRurales\" \/>\n\t\t<\/picture>\n\t\t<\/a><\/div>\t\t\t\t\t\t<\/div>\r\n\r\n\t\t\t\t\t\t\t\t\t\t\t\t\t<div class=\"overlay\">\r\n\t\t\t\t\t\t\t\t<div class=\"overlay-circle\"><\/div>\r\n\r\n\t\t\t\t\t\t\t\t<div class=\"links-wrapper\">\r\n\t\t\t\t\t\t\t\t\t<div class=\"links\">\r\n\t\t\t\t\t\t\t\t\t\t<div class=\"caption\">\r\n\t\t\t\t\t\t\t\t\t\t\t<a href=\"https:\/\/inntech.uma.es\/aulaonline\/instrumentos-y-buenas-practicas-en-atencion-social-integral-a-jovenes-rurales\/\" class=\"portfolio-item-link\">\r\n\t\t\t\t\t\t\t\t\t\t\t\t<span class=\"screen-reader-text\">Instrumentos y Buenas Pr\u00e1cticas en Atenci\u00f3n Social Integral a j\u00f3venes rurales<\/span>\r\n\t\t\t\t\t\t\t\t\t\t\t<\/a>\r\n\r\n\t\t\t\t\t\t\t\t\t\t\t\t\t\t\t\t\t\t\t\t\t\t\t\t\t\t\t\t\t\t\t\t\t\t\t\t\t<div class=\"portfolio-icons\">\r\n\t\t\t\t\t\t\t\t\t\t\t\t\t\t\t<a href=\"javascript: void(0);\" class=\"icon self-link\" aria-label=\"Instrumentos y Buenas Pr\u00e1cticas en Atenci\u00f3n Social Integral a j\u00f3venes rurales\">\r\n\t\t\t\t\t\t\t\t\t\t\t\t\t\t\t\t\t\t\t\t\t\t\t\t\t\t\t\t\t\t\t\t\t<i class=\"default\"><\/i>\r\n\t\t\t\t\t\t\t\t\t\t\t\t\t\t\t\t\t\t\t\t\t\t\t\t\t\t\t\t\t\t\t<\/a>\r\n\t\t\t\t\t\t\t\t\t\t\t\t\t\t<\/div>\r\n\t\t\t\t\t\t\t\t\t\t\t\t\t\t\t\t\t\t\t\t\t\t\t\t\t\r\n\t\t\t\t\t\t\t\t\t\t\t\t\r\n\t\t\t\t\t\t\t\t\t\t\t\t\t\t\t\t\t\t\t\t\t\t\t\r\n\t\t\t\t\t\t\t\t\t\t\t\r\n\t\t\t\t\t\t\t\t\t\t\t\t\t\t\t\t\t\t\t\t\t<\/div>\r\n\t\t\t\t\t\t\t\t\t<\/div>\r\n\t\t\t\t\t\t\t\t<\/div>\r\n\t\t\t\t\t\t\t<\/div>\r\n\t\t\t\t\t\t\t\t\t\t\t<\/div>\r\n\t\t\t\t\r\n\t\t\t\t\t\t\t\t\t<div class=\"caption post-2032 post type-post status-publish format-standard has-post-thumbnail category-socialescerrado\">\r\n\r\n\t\t\t\t\t\t\r\n\t\t\t\t\t\t\t\t\r\n\t\t\t\t\t\t\t\t\t\t\t\t\t\t\t<div class=\"title\">\r\n\t\t\t\t\t\t\t\t<span class=\"title-h5 \"><a href=\"https:\/\/inntech.uma.es\/aulaonline\/instrumentos-y-buenas-practicas-en-atencion-social-integral-a-jovenes-rurales\/\" rel=\"bookmark\">Instrumentos y Buenas Pr\u00e1cticas en Atenci\u00f3n Social Integral a j\u00f3venes rurales<\/a><\/span>\t\t\t\t\t\t\t<\/div>\r\n\t\t\t\t\t\t\r\n\t\t\t\t\t\t\r\n\t\t\t\t\t\t\t\t\t\t\t\t\t\t\t\t\t\t\t\t\t<div class=\"description text-body\">\r\n\t\t\t\t\t\t\t\t\t<p>Curso dirigido a trabajadores sociales y personal relacionado del \u00e1mbito rural, que trabajen con j\u00f3venes para mejorar su atenci\u00f3n.<\/p>\n\t\t\t\t\t\t\t\t<\/div>\r\n\t\t\t\t\t\t\t\t\t\t\t\t\t\t\t\t\t\t<\/div>\r\n\t\t\t\t\t\t\t<\/div>\r\n\t\t\t\t<\/div>\r\n\t<div class=\"portfolio-item socialescerrado col-xs-12 col-sm-6 col-md-4 item-animations-not-inited before-start post-hide-categories post-hide-date post-has-author appearance-type- post-2077 post type-post status-publish format-standard has-post-thumbnail category-socialescerrado\" style=\"padding: calc(42px\/2)\" data-default-sort=\"0\" data-sort-date=\"1744976468\">\r\n\t\t\t\t\t\r\n\t\t\t<div class=\"wrap clearfix\">\r\n\t\t\t\t\t\t\t\t\t\t\t\t\t<div class=\"image post-2077 post type-post status-publish format-standard has-post-thumbnail category-socialescerrado\">\r\n\t\t\t\t\t\t<div class=\"image-inner \">\r\n\r\n\t\t\t\t\t\t\t<div class=\"post-featured-content\"><a href=\"https:\/\/inntech.uma.es\/aulaonline\/la-decision-de-invertir-en-las-organizaciones\/\">\t\t<picture>\n\t\t\t\t\t\t<img src=\"https:\/\/inntech.uma.es\/aulaonline\/wp-content\/uploads\/2025\/04\/InvertirOrganizaciones-300x172.png\" width=\"300\" height=\"172\"  class=\"img-responsive\" alt=\"InvertirOrganizaciones\" \/>\n\t\t<\/picture>\n\t\t<\/a><\/div>\t\t\t\t\t\t<\/div>\r\n\r\n\t\t\t\t\t\t\t\t\t\t\t\t\t<div class=\"overlay\">\r\n\t\t\t\t\t\t\t\t<div class=\"overlay-circle\"><\/div>\r\n\r\n\t\t\t\t\t\t\t\t<div class=\"links-wrapper\">\r\n\t\t\t\t\t\t\t\t\t<div class=\"links\">\r\n\t\t\t\t\t\t\t\t\t\t<div class=\"caption\">\r\n\t\t\t\t\t\t\t\t\t\t\t<a href=\"https:\/\/inntech.uma.es\/aulaonline\/la-decision-de-invertir-en-las-organizaciones\/\" class=\"portfolio-item-link\">\r\n\t\t\t\t\t\t\t\t\t\t\t\t<span class=\"screen-reader-text\">La decisi\u00f3n de invertir en las Organizaciones<\/span>\r\n\t\t\t\t\t\t\t\t\t\t\t<\/a>\r\n\r\n\t\t\t\t\t\t\t\t\t\t\t\t\t\t\t\t\t\t\t\t\t\t\t\t\t\t\t\t\t\t\t\t\t\t\t\t\t<div class=\"portfolio-icons\">\r\n\t\t\t\t\t\t\t\t\t\t\t\t\t\t\t<a href=\"javascript: void(0);\" class=\"icon self-link\" aria-label=\"La decisi\u00f3n de invertir en las Organizaciones\">\r\n\t\t\t\t\t\t\t\t\t\t\t\t\t\t\t\t\t\t\t\t\t\t\t\t\t\t\t\t\t\t\t\t\t<i class=\"default\"><\/i>\r\n\t\t\t\t\t\t\t\t\t\t\t\t\t\t\t\t\t\t\t\t\t\t\t\t\t\t\t\t\t\t\t<\/a>\r\n\t\t\t\t\t\t\t\t\t\t\t\t\t\t<\/div>\r\n\t\t\t\t\t\t\t\t\t\t\t\t\t\t\t\t\t\t\t\t\t\t\t\t\t\r\n\t\t\t\t\t\t\t\t\t\t\t\t\r\n\t\t\t\t\t\t\t\t\t\t\t\t\t\t\t\t\t\t\t\t\t\t\t\r\n\t\t\t\t\t\t\t\t\t\t\t\r\n\t\t\t\t\t\t\t\t\t\t\t\t\t\t\t\t\t\t\t\t\t<\/div>\r\n\t\t\t\t\t\t\t\t\t<\/div>\r\n\t\t\t\t\t\t\t\t<\/div>\r\n\t\t\t\t\t\t\t<\/div>\r\n\t\t\t\t\t\t\t\t\t\t\t<\/div>\r\n\t\t\t\t\r\n\t\t\t\t\t\t\t\t\t<div class=\"caption post-2077 post type-post status-publish format-standard has-post-thumbnail category-socialescerrado\">\r\n\r\n\t\t\t\t\t\t\r\n\t\t\t\t\t\t\t\t\r\n\t\t\t\t\t\t\t\t\t\t\t\t\t\t\t<div class=\"title\">\r\n\t\t\t\t\t\t\t\t<span class=\"title-h5 \"><a href=\"https:\/\/inntech.uma.es\/aulaonline\/la-decision-de-invertir-en-las-organizaciones\/\" rel=\"bookmark\">La decisi\u00f3n de invertir en las Organizaciones<\/a><\/span>\t\t\t\t\t\t\t<\/div>\r\n\t\t\t\t\t\t\r\n\t\t\t\t\t\t\r\n\t\t\t\t\t\t\t\t\t\t\t\t\t\t\t\t\t\t\t\t\t<div class=\"description text-body\">\r\n\t\t\t\t\t\t\t\t\t<p>Comprender y practicar la toma de decisiones en las situaciones m\u00e1s pr\u00f3ximas a la realidad empresarial. Se consigue una especializaci\u00f3n necesaria para ayudarles en la toma de decisiones empresariales.<\/p>\n\t\t\t\t\t\t\t\t<\/div>\r\n\t\t\t\t\t\t\t\t\t\t\t\t\t\t\t\t\t\t<\/div>\r\n\t\t\t\t\t\t\t<\/div>\r\n\t\t\t\t<\/div>\r\n\t<div class=\"portfolio-item socialescerrado col-xs-12 col-sm-6 col-md-4 item-animations-not-inited before-start post-hide-categories post-hide-date post-has-author appearance-type- post-3360 post type-post status-publish format-standard has-post-thumbnail category-socialescerrado\" style=\"padding: calc(42px\/2)\" data-default-sort=\"0\" data-sort-date=\"1770377506\">\r\n\t\t\t\t\t\r\n\t\t\t<div class=\"wrap clearfix\">\r\n\t\t\t\t\t\t\t\t\t\t\t\t\t<div class=\"image post-3360 post type-post status-publish format-standard has-post-thumbnail category-socialescerrado\">\r\n\t\t\t\t\t\t<div class=\"image-inner \">\r\n\r\n\t\t\t\t\t\t\t<div class=\"post-featured-content\"><a href=\"https:\/\/inntech.uma.es\/aulaonline\/marketing-analytics-con-power-bi\/\">\t\t<picture>\n\t\t\t\t\t\t<img src=\"https:\/\/inntech.uma.es\/aulaonline\/wp-content\/uploads\/2026\/02\/MarketingAnalyticsPowerBi_2025_2026I-300x172.png\" width=\"300\" height=\"172\"  class=\"img-responsive\" alt=\"MarketingAnalyticsPowerBi_2025_2026I\" \/>\n\t\t<\/picture>\n\t\t<\/a><\/div>\t\t\t\t\t\t<\/div>\r\n\r\n\t\t\t\t\t\t\t\t\t\t\t\t\t<div class=\"overlay\">\r\n\t\t\t\t\t\t\t\t<div class=\"overlay-circle\"><\/div>\r\n\r\n\t\t\t\t\t\t\t\t<div class=\"links-wrapper\">\r\n\t\t\t\t\t\t\t\t\t<div class=\"links\">\r\n\t\t\t\t\t\t\t\t\t\t<div class=\"caption\">\r\n\t\t\t\t\t\t\t\t\t\t\t<a href=\"https:\/\/inntech.uma.es\/aulaonline\/marketing-analytics-con-power-bi\/\" class=\"portfolio-item-link\">\r\n\t\t\t\t\t\t\t\t\t\t\t\t<span class=\"screen-reader-text\">Marketing Analytics con Power BI<\/span>\r\n\t\t\t\t\t\t\t\t\t\t\t<\/a>\r\n\r\n\t\t\t\t\t\t\t\t\t\t\t\t\t\t\t\t\t\t\t\t\t\t\t\t\t\t\t\t\t\t\t\t\t\t\t\t\t<div class=\"portfolio-icons\">\r\n\t\t\t\t\t\t\t\t\t\t\t\t\t\t\t<a href=\"javascript: void(0);\" class=\"icon self-link\" aria-label=\"Marketing Analytics con Power BI\">\r\n\t\t\t\t\t\t\t\t\t\t\t\t\t\t\t\t\t\t\t\t\t\t\t\t\t\t\t\t\t\t\t\t\t<i class=\"default\"><\/i>\r\n\t\t\t\t\t\t\t\t\t\t\t\t\t\t\t\t\t\t\t\t\t\t\t\t\t\t\t\t\t\t\t<\/a>\r\n\t\t\t\t\t\t\t\t\t\t\t\t\t\t<\/div>\r\n\t\t\t\t\t\t\t\t\t\t\t\t\t\t\t\t\t\t\t\t\t\t\t\t\t\r\n\t\t\t\t\t\t\t\t\t\t\t\t\r\n\t\t\t\t\t\t\t\t\t\t\t\t\t\t\t\t\t\t\t\t\t\t\t\r\n\t\t\t\t\t\t\t\t\t\t\t\r\n\t\t\t\t\t\t\t\t\t\t\t\t\t\t\t\t\t\t\t\t\t<\/div>\r\n\t\t\t\t\t\t\t\t\t<\/div>\r\n\t\t\t\t\t\t\t\t<\/div>\r\n\t\t\t\t\t\t\t<\/div>\r\n\t\t\t\t\t\t\t\t\t\t\t<\/div>\r\n\t\t\t\t\r\n\t\t\t\t\t\t\t\t\t<div class=\"caption post-3360 post type-post status-publish format-standard has-post-thumbnail category-socialescerrado\">\r\n\r\n\t\t\t\t\t\t\r\n\t\t\t\t\t\t\t\t\r\n\t\t\t\t\t\t\t\t\t\t\t\t\t\t\t<div class=\"title\">\r\n\t\t\t\t\t\t\t\t<span class=\"title-h5 \"><a href=\"https:\/\/inntech.uma.es\/aulaonline\/marketing-analytics-con-power-bi\/\" rel=\"bookmark\">Marketing Analytics con Power BI<\/a><\/span>\t\t\t\t\t\t\t<\/div>\r\n\t\t\t\t\t\t\r\n\t\t\t\t\t\t\r\n\t\t\t\t\t\t\t\t\t\t\t\t\t\t\t\t\t\t\t\t\t<div class=\"description text-body\">\r\n\t\t\t\t\t\t\t\t\t<p>Curso pr\u00e1ctico. Capacita en la creaci\u00f3n y an\u00e1lisis avanzado de cuadros de mando interactivos para la toma de decisiones en marketing con Power BI: el software de inteligencia empresarial m\u00e1s usado.<\/p>\n\t\t\t\t\t\t\t\t<\/div>\r\n\t\t\t\t\t\t\t\t\t\t\t\t\t\t\t\t\t\t<\/div>\r\n\t\t\t\t\t\t\t<\/div>\r\n\t\t\t\t<\/div>\r\n\t<div class=\"portfolio-item socialescerrado col-xs-12 col-sm-6 col-md-4 item-animations-not-inited before-start post-hide-categories post-hide-date post-has-author appearance-type- post-1996 post type-post status-publish format-standard has-post-thumbnail category-socialescerrado\" style=\"padding: calc(42px\/2)\" data-default-sort=\"0\" data-sort-date=\"1744976500\">\r\n\t\t\t\t\t\r\n\t\t\t<div class=\"wrap clearfix\">\r\n\t\t\t\t\t\t\t\t\t\t\t\t\t<div class=\"image post-1996 post type-post status-publish format-standard has-post-thumbnail category-socialescerrado\">\r\n\t\t\t\t\t\t<div class=\"image-inner \">\r\n\r\n\t\t\t\t\t\t\t<div class=\"post-featured-content\"><a href=\"https:\/\/inntech.uma.es\/aulaonline\/marketing-y-gestion-de-entidades-deportivas\/\">\t\t<picture>\n\t\t\t\t\t\t<img src=\"https:\/\/inntech.uma.es\/aulaonline\/wp-content\/uploads\/2025\/04\/MarketingDeporte-300x172.png\" width=\"300\" height=\"172\"  class=\"img-responsive\" alt=\"MarketingDeporte\" \/>\n\t\t<\/picture>\n\t\t<\/a><\/div>\t\t\t\t\t\t<\/div>\r\n\r\n\t\t\t\t\t\t\t\t\t\t\t\t\t<div class=\"overlay\">\r\n\t\t\t\t\t\t\t\t<div class=\"overlay-circle\"><\/div>\r\n\r\n\t\t\t\t\t\t\t\t<div class=\"links-wrapper\">\r\n\t\t\t\t\t\t\t\t\t<div class=\"links\">\r\n\t\t\t\t\t\t\t\t\t\t<div class=\"caption\">\r\n\t\t\t\t\t\t\t\t\t\t\t<a href=\"https:\/\/inntech.uma.es\/aulaonline\/marketing-y-gestion-de-entidades-deportivas\/\" class=\"portfolio-item-link\">\r\n\t\t\t\t\t\t\t\t\t\t\t\t<span class=\"screen-reader-text\">Marketing y Gesti\u00f3n de Entidades Deportivas<\/span>\r\n\t\t\t\t\t\t\t\t\t\t\t<\/a>\r\n\r\n\t\t\t\t\t\t\t\t\t\t\t\t\t\t\t\t\t\t\t\t\t\t\t\t\t\t\t\t\t\t\t\t\t\t\t\t\t<div class=\"portfolio-icons\">\r\n\t\t\t\t\t\t\t\t\t\t\t\t\t\t\t<a href=\"javascript: void(0);\" class=\"icon self-link\" aria-label=\"Marketing y Gesti\u00f3n de Entidades Deportivas\">\r\n\t\t\t\t\t\t\t\t\t\t\t\t\t\t\t\t\t\t\t\t\t\t\t\t\t\t\t\t\t\t\t\t\t<i class=\"default\"><\/i>\r\n\t\t\t\t\t\t\t\t\t\t\t\t\t\t\t\t\t\t\t\t\t\t\t\t\t\t\t\t\t\t\t<\/a>\r\n\t\t\t\t\t\t\t\t\t\t\t\t\t\t<\/div>\r\n\t\t\t\t\t\t\t\t\t\t\t\t\t\t\t\t\t\t\t\t\t\t\t\t\t\r\n\t\t\t\t\t\t\t\t\t\t\t\t\r\n\t\t\t\t\t\t\t\t\t\t\t\t\t\t\t\t\t\t\t\t\t\t\t\r\n\t\t\t\t\t\t\t\t\t\t\t\r\n\t\t\t\t\t\t\t\t\t\t\t\t\t\t\t\t\t\t\t\t\t<\/div>\r\n\t\t\t\t\t\t\t\t\t<\/div>\r\n\t\t\t\t\t\t\t\t<\/div>\r\n\t\t\t\t\t\t\t<\/div>\r\n\t\t\t\t\t\t\t\t\t\t\t<\/div>\r\n\t\t\t\t\r\n\t\t\t\t\t\t\t\t\t<div class=\"caption post-1996 post type-post status-publish format-standard has-post-thumbnail category-socialescerrado\">\r\n\r\n\t\t\t\t\t\t\r\n\t\t\t\t\t\t\t\t\r\n\t\t\t\t\t\t\t\t\t\t\t\t\t\t\t<div class=\"title\">\r\n\t\t\t\t\t\t\t\t<span class=\"title-h5 \"><a href=\"https:\/\/inntech.uma.es\/aulaonline\/marketing-y-gestion-de-entidades-deportivas\/\" rel=\"bookmark\">Marketing y Gesti\u00f3n de Entidades Deportivas<\/a><\/span>\t\t\t\t\t\t\t<\/div>\r\n\t\t\t\t\t\t\r\n\t\t\t\t\t\t\r\n\t\t\t\t\t\t\t\t\t\t\t\t\t\t\t\t\t\t\t\t\t<div class=\"description text-body\">\r\n\t\t\t\t\t\t\t\t\t<p>Formaci\u00f3n espec\u00edfica y eminentemente pr\u00e1ctica en Direcci\u00f3n, Gesti\u00f3n y Marketing de Entidades Deportivas, en colaboraci\u00f3n con el M\u00e1laga C.F., S.A.D.<\/p>\n\t\t\t\t\t\t\t\t<\/div>\r\n\t\t\t\t\t\t\t\t\t\t\t\t\t\t\t\t\t\t<\/div>\r\n\t\t\t\t\t\t\t<\/div>\r\n\t\t\t\t<\/div>\r\n\t<div class=\"portfolio-item socialescerrado col-xs-12 col-sm-6 col-md-4 item-animations-not-inited before-start post-hide-categories post-hide-date post-has-author appearance-type- post-1960 post type-post status-publish format-standard has-post-thumbnail category-socialescerrado\" style=\"padding: calc(42px\/2)\" data-default-sort=\"0\" data-sort-date=\"1744976548\">\r\n\t\t\t\t\t\r\n\t\t\t<div class=\"wrap clearfix\">\r\n\t\t\t\t\t\t\t\t\t\t\t\t\t<div class=\"image post-1960 post type-post status-publish format-standard has-post-thumbnail category-socialescerrado\">\r\n\t\t\t\t\t\t<div class=\"image-inner \">\r\n\r\n\t\t\t\t\t\t\t<div class=\"post-featured-content\"><a href=\"https:\/\/inntech.uma.es\/aulaonline\/masoneria-filosofica-historia-derecho-e-instituciones\/\">\t\t<picture>\n\t\t\t\t\t\t<img src=\"https:\/\/inntech.uma.es\/aulaonline\/wp-content\/uploads\/2025\/04\/MasoneriaFilosofica-1-300x172.png\" width=\"300\" height=\"172\"  class=\"img-responsive\" alt=\"MasoneriaFilosofica\" \/>\n\t\t<\/picture>\n\t\t<\/a><\/div>\t\t\t\t\t\t<\/div>\r\n\r\n\t\t\t\t\t\t\t\t\t\t\t\t\t<div class=\"overlay\">\r\n\t\t\t\t\t\t\t\t<div class=\"overlay-circle\"><\/div>\r\n\r\n\t\t\t\t\t\t\t\t<div class=\"links-wrapper\">\r\n\t\t\t\t\t\t\t\t\t<div class=\"links\">\r\n\t\t\t\t\t\t\t\t\t\t<div class=\"caption\">\r\n\t\t\t\t\t\t\t\t\t\t\t<a href=\"https:\/\/inntech.uma.es\/aulaonline\/masoneria-filosofica-historia-derecho-e-instituciones\/\" class=\"portfolio-item-link\">\r\n\t\t\t\t\t\t\t\t\t\t\t\t<span class=\"screen-reader-text\">Masoner\u00eda Filos\u00f3fica: Historia, Derecho e Instituciones<\/span>\r\n\t\t\t\t\t\t\t\t\t\t\t<\/a>\r\n\r\n\t\t\t\t\t\t\t\t\t\t\t\t\t\t\t\t\t\t\t\t\t\t\t\t\t\t\t\t\t\t\t\t\t\t\t\t\t<div class=\"portfolio-icons\">\r\n\t\t\t\t\t\t\t\t\t\t\t\t\t\t\t<a href=\"javascript: void(0);\" class=\"icon self-link\" aria-label=\"Masoner\u00eda Filos\u00f3fica: Historia, Derecho e Instituciones\">\r\n\t\t\t\t\t\t\t\t\t\t\t\t\t\t\t\t\t\t\t\t\t\t\t\t\t\t\t\t\t\t\t\t\t<i class=\"default\"><\/i>\r\n\t\t\t\t\t\t\t\t\t\t\t\t\t\t\t\t\t\t\t\t\t\t\t\t\t\t\t\t\t\t\t<\/a>\r\n\t\t\t\t\t\t\t\t\t\t\t\t\t\t<\/div>\r\n\t\t\t\t\t\t\t\t\t\t\t\t\t\t\t\t\t\t\t\t\t\t\t\t\t\r\n\t\t\t\t\t\t\t\t\t\t\t\t\r\n\t\t\t\t\t\t\t\t\t\t\t\t\t\t\t\t\t\t\t\t\t\t\t\r\n\t\t\t\t\t\t\t\t\t\t\t\r\n\t\t\t\t\t\t\t\t\t\t\t\t\t\t\t\t\t\t\t\t\t<\/div>\r\n\t\t\t\t\t\t\t\t\t<\/div>\r\n\t\t\t\t\t\t\t\t<\/div>\r\n\t\t\t\t\t\t\t<\/div>\r\n\t\t\t\t\t\t\t\t\t\t\t<\/div>\r\n\t\t\t\t\r\n\t\t\t\t\t\t\t\t\t<div class=\"caption post-1960 post type-post status-publish format-standard has-post-thumbnail category-socialescerrado\">\r\n\r\n\t\t\t\t\t\t\r\n\t\t\t\t\t\t\t\t\r\n\t\t\t\t\t\t\t\t\t\t\t\t\t\t\t<div class=\"title\">\r\n\t\t\t\t\t\t\t\t<span class=\"title-h5 \"><a href=\"https:\/\/inntech.uma.es\/aulaonline\/masoneria-filosofica-historia-derecho-e-instituciones\/\" rel=\"bookmark\">Masoner\u00eda Filos\u00f3fica: Historia, Derecho e Instituciones<\/a><\/span>\t\t\t\t\t\t\t<\/div>\r\n\t\t\t\t\t\t\r\n\t\t\t\t\t\t\r\n\t\t\t\t\t\t\t\t\t\t\t\t\t\t\t\t\t\t\t\t\t<div class=\"description text-body\">\r\n\t\t\t\t\t\t\t\t\t<p>Este Diploma pretende analizar los fundamentos hist\u00f3ricos, jur\u00eddicos e institucionales de la masoner\u00eda filos\u00f3fica, prestando especial atenci\u00f3n al caso espa\u00f1ol y a los pa\u00edses iberoamericanos.<\/p>\n\t\t\t\t\t\t\t\t<\/div>\r\n\t\t\t\t\t\t\t\t\t\t\t\t\t\t\t\t\t\t<\/div>\r\n\t\t\t\t\t\t\t<\/div>\r\n\t\t\t\t<\/div>\r\n\t<div class=\"portfolio-item socialescerrado col-xs-12 col-sm-6 col-md-4 item-animations-not-inited before-start post-hide-categories post-hide-date post-has-author appearance-type- post-2827 post type-post status-publish format-standard has-post-thumbnail category-socialescerrado\" style=\"padding: calc(42px\/2)\" data-default-sort=\"0\" data-sort-date=\"1747694090\">\r\n\t\t\t\t\t\r\n\t\t\t<div class=\"wrap clearfix\">\r\n\t\t\t\t\t\t\t\t\t\t\t\t\t<div class=\"image post-2827 post type-post status-publish format-standard has-post-thumbnail category-socialescerrado\">\r\n\t\t\t\t\t\t<div class=\"image-inner \">\r\n\r\n\t\t\t\t\t\t\t<div class=\"post-featured-content\"><a href=\"https:\/\/inntech.uma.es\/aulaonline\/no-hacer-rehacer-deshacer-otra-manera-de-construir-la-ciudad\/\">\t\t<picture>\n\t\t\t\t\t\t<img src=\"https:\/\/inntech.uma.es\/aulaonline\/wp-content\/uploads\/2025\/04\/ConstruirCiudad-300x172.png\" width=\"300\" height=\"172\"  class=\"img-responsive\" alt=\"ConstruirCiudad\" \/>\n\t\t<\/picture>\n\t\t<\/a><\/div>\t\t\t\t\t\t<\/div>\r\n\r\n\t\t\t\t\t\t\t\t\t\t\t\t\t<div class=\"overlay\">\r\n\t\t\t\t\t\t\t\t<div class=\"overlay-circle\"><\/div>\r\n\r\n\t\t\t\t\t\t\t\t<div class=\"links-wrapper\">\r\n\t\t\t\t\t\t\t\t\t<div class=\"links\">\r\n\t\t\t\t\t\t\t\t\t\t<div class=\"caption\">\r\n\t\t\t\t\t\t\t\t\t\t\t<a href=\"https:\/\/inntech.uma.es\/aulaonline\/no-hacer-rehacer-deshacer-otra-manera-de-construir-la-ciudad\/\" class=\"portfolio-item-link\">\r\n\t\t\t\t\t\t\t\t\t\t\t\t<span class=\"screen-reader-text\">No Hacer, Rehacer, Deshacer. Otra manera de Construir la Ciudad<\/span>\r\n\t\t\t\t\t\t\t\t\t\t\t<\/a>\r\n\r\n\t\t\t\t\t\t\t\t\t\t\t\t\t\t\t\t\t\t\t\t\t\t\t\t\t\t\t\t\t\t\t\t\t\t\t\t\t<div class=\"portfolio-icons\">\r\n\t\t\t\t\t\t\t\t\t\t\t\t\t\t\t<a href=\"javascript: void(0);\" class=\"icon self-link\" aria-label=\"No Hacer, Rehacer, Deshacer. Otra manera de Construir la Ciudad\">\r\n\t\t\t\t\t\t\t\t\t\t\t\t\t\t\t\t\t\t\t\t\t\t\t\t\t\t\t\t\t\t\t\t\t<i class=\"default\"><\/i>\r\n\t\t\t\t\t\t\t\t\t\t\t\t\t\t\t\t\t\t\t\t\t\t\t\t\t\t\t\t\t\t\t<\/a>\r\n\t\t\t\t\t\t\t\t\t\t\t\t\t\t<\/div>\r\n\t\t\t\t\t\t\t\t\t\t\t\t\t\t\t\t\t\t\t\t\t\t\t\t\t\r\n\t\t\t\t\t\t\t\t\t\t\t\t\r\n\t\t\t\t\t\t\t\t\t\t\t\t\t\t\t\t\t\t\t\t\t\t\t\r\n\t\t\t\t\t\t\t\t\t\t\t\r\n\t\t\t\t\t\t\t\t\t\t\t\t\t\t\t\t\t\t\t\t\t<\/div>\r\n\t\t\t\t\t\t\t\t\t<\/div>\r\n\t\t\t\t\t\t\t\t<\/div>\r\n\t\t\t\t\t\t\t<\/div>\r\n\t\t\t\t\t\t\t\t\t\t\t<\/div>\r\n\t\t\t\t\r\n\t\t\t\t\t\t\t\t\t<div class=\"caption post-2827 post type-post status-publish format-standard has-post-thumbnail category-socialescerrado\">\r\n\r\n\t\t\t\t\t\t\r\n\t\t\t\t\t\t\t\t\r\n\t\t\t\t\t\t\t\t\t\t\t\t\t\t\t<div class=\"title\">\r\n\t\t\t\t\t\t\t\t<span class=\"title-h5 \"><a href=\"https:\/\/inntech.uma.es\/aulaonline\/no-hacer-rehacer-deshacer-otra-manera-de-construir-la-ciudad\/\" rel=\"bookmark\">No Hacer, Rehacer, Deshacer. Otra manera de Construir la Ciudad<\/a><\/span>\t\t\t\t\t\t\t<\/div>\r\n\t\t\t\t\t\t\r\n\t\t\t\t\t\t\r\n\t\t\t\t\t\t\t\t\t\t\t\t\t\t\t\t\t\t\t\t\t<div class=\"description text-body\">\r\n\t\t\t\t\t\t\t\t\t<p>El curso tiene por objeto proporcionar un conocimiento experto sobre territorio, ciudad y medio ambiente desde un enfoque multidisciplinar y basado en la idea de no hacer, deshacer y rehacer ciudad.<\/p>\n\t\t\t\t\t\t\t\t<\/div>\r\n\t\t\t\t\t\t\t\t\t\t\t\t\t\t\t\t\t\t<\/div>\r\n\t\t\t\t\t\t\t<\/div>\r\n\t\t\t\t<\/div>\r\n\t<div class=\"portfolio-item socialescerrado col-xs-12 col-sm-6 col-md-4 item-animations-not-inited before-start post-hide-categories post-hide-date post-has-author appearance-type- post-2089 post type-post status-publish format-standard has-post-thumbnail category-socialescerrado\" style=\"padding: calc(42px\/2)\" data-default-sort=\"0\" data-sort-date=\"1744976454\">\r\n\t\t\t\t\t\r\n\t\t\t<div class=\"wrap clearfix\">\r\n\t\t\t\t\t\t\t\t\t\t\t\t\t<div class=\"image post-2089 post type-post status-publish format-standard has-post-thumbnail category-socialescerrado\">\r\n\t\t\t\t\t\t<div class=\"image-inner \">\r\n\r\n\t\t\t\t\t\t\t<div class=\"post-featured-content\"><a href=\"https:\/\/inntech.uma.es\/aulaonline\/proteccion-de-datos-en-la-gestion-de-los-recursos-humanos\/\">\t\t<picture>\n\t\t\t\t\t\t<img src=\"https:\/\/inntech.uma.es\/aulaonline\/wp-content\/uploads\/2025\/04\/AnalyticsPowerBI-2-300x172.png\" width=\"300\" height=\"172\"  class=\"img-responsive\" alt=\"AnalyticsPowerBI (2)\" \/>\n\t\t<\/picture>\n\t\t<\/a><\/div>\t\t\t\t\t\t<\/div>\r\n\r\n\t\t\t\t\t\t\t\t\t\t\t\t\t<div class=\"overlay\">\r\n\t\t\t\t\t\t\t\t<div class=\"overlay-circle\"><\/div>\r\n\r\n\t\t\t\t\t\t\t\t<div class=\"links-wrapper\">\r\n\t\t\t\t\t\t\t\t\t<div class=\"links\">\r\n\t\t\t\t\t\t\t\t\t\t<div class=\"caption\">\r\n\t\t\t\t\t\t\t\t\t\t\t<a href=\"https:\/\/inntech.uma.es\/aulaonline\/proteccion-de-datos-en-la-gestion-de-los-recursos-humanos\/\" class=\"portfolio-item-link\">\r\n\t\t\t\t\t\t\t\t\t\t\t\t<span class=\"screen-reader-text\">Protecci\u00f3n de datos en la gesti\u00f3n de los Recursos Humanos<\/span>\r\n\t\t\t\t\t\t\t\t\t\t\t<\/a>\r\n\r\n\t\t\t\t\t\t\t\t\t\t\t\t\t\t\t\t\t\t\t\t\t\t\t\t\t\t\t\t\t\t\t\t\t\t\t\t\t<div class=\"portfolio-icons\">\r\n\t\t\t\t\t\t\t\t\t\t\t\t\t\t\t<a href=\"javascript: void(0);\" class=\"icon self-link\" aria-label=\"Protecci\u00f3n de datos en la gesti\u00f3n de los Recursos Humanos\">\r\n\t\t\t\t\t\t\t\t\t\t\t\t\t\t\t\t\t\t\t\t\t\t\t\t\t\t\t\t\t\t\t\t\t<i class=\"default\"><\/i>\r\n\t\t\t\t\t\t\t\t\t\t\t\t\t\t\t\t\t\t\t\t\t\t\t\t\t\t\t\t\t\t\t<\/a>\r\n\t\t\t\t\t\t\t\t\t\t\t\t\t\t<\/div>\r\n\t\t\t\t\t\t\t\t\t\t\t\t\t\t\t\t\t\t\t\t\t\t\t\t\t\r\n\t\t\t\t\t\t\t\t\t\t\t\t\r\n\t\t\t\t\t\t\t\t\t\t\t\t\t\t\t\t\t\t\t\t\t\t\t\r\n\t\t\t\t\t\t\t\t\t\t\t\r\n\t\t\t\t\t\t\t\t\t\t\t\t\t\t\t\t\t\t\t\t\t<\/div>\r\n\t\t\t\t\t\t\t\t\t<\/div>\r\n\t\t\t\t\t\t\t\t<\/div>\r\n\t\t\t\t\t\t\t<\/div>\r\n\t\t\t\t\t\t\t\t\t\t\t<\/div>\r\n\t\t\t\t\r\n\t\t\t\t\t\t\t\t\t<div class=\"caption post-2089 post type-post status-publish format-standard has-post-thumbnail category-socialescerrado\">\r\n\r\n\t\t\t\t\t\t\r\n\t\t\t\t\t\t\t\t\r\n\t\t\t\t\t\t\t\t\t\t\t\t\t\t\t<div class=\"title\">\r\n\t\t\t\t\t\t\t\t<span class=\"title-h5 \"><a href=\"https:\/\/inntech.uma.es\/aulaonline\/proteccion-de-datos-en-la-gestion-de-los-recursos-humanos\/\" rel=\"bookmark\">Protecci\u00f3n de datos en la gesti\u00f3n de los Recursos Humanos<\/a><\/span>\t\t\t\t\t\t\t<\/div>\r\n\t\t\t\t\t\t\r\n\t\t\t\t\t\t\r\n\t\t\t\t\t\t\t\t\t\t\t\t\t\t\t\t\t\t\t\t\t<div class=\"description text-body\">\r\n\t\t\t\t\t\t\t\t\t<p>Curso pr\u00e1ctico para aplicar la protecci\u00f3n de datos y cumplir con esta normativa al gestionar los Recursos Humanos en la empresa.<\/p>\n\t\t\t\t\t\t\t\t<\/div>\r\n\t\t\t\t\t\t\t\t\t\t\t\t\t\t\t\t\t\t<\/div>\r\n\t\t\t\t\t\t\t<\/div>\r\n\t\t\t\t<\/div>\r\n\t\t\t\t\t\t\t\t\t<\/div><!-- .portflio-set -->\n\t\t\t\t\t\t\t\t\t\t\t\t\t\t\t\t\t\t\t<div class=\"portfolio-item-size-container\">\n\t\t\t\t\t\t\t\t\t\t\t\t<div class=\"portfolio-item col-xs-12 col-sm-6 col-md-4 item-animations-not-inited before-start post-hide-categories post-hide-date post-has-author post-2089 post type-post status-publish format-standard has-post-thumbnail category-socialescerrado\">\r\n\t\t\t<\/div>\r\n\t\t\t\t\t\t\t\t\t\t<\/div>\n\t\t\t\t\t\t\t\t\t\t\t\t\t\t\t\t\t<\/div><!-- .row-->\n\n\t\t\t\t\t\t\t\t\t\t\t\t\t\t\t\t\t\t<div class=\"portfolio-navigator gem-pagination\" style=\"display:none;\">\n\t\t\t\t\t\t\t\t\t\t\t<a href=\"#\" role=\"button\" class=\"prev\" aria-label=\"Ant.\">\n\t\t\t\t\t\t\t\t\t\t\t\t\t\t\t\t\t\t\t\t\t\t\t\t\t<i class=\"default\"><\/i>\n\t\t\t\t\t\t\t\t\t\t\t\t\t\t\t\t\t\t\t\t\t\t\t<\/a>\n\t\t\t\t\t\t\t\t\t\t\t<div class=\"pages\"><\/div>\n\t\t\t\t\t\t\t\t\t\t\t<a href=\"#\" role=\"button\" class=\"next\" aria-label=\"Sig.\">\n\t\t\t\t\t\t\t\t\t\t\t\t\t\t\t\t\t\t\t\t\t\t\t\t\t<i class=\"default\"><\/i>\n\t\t\t\t\t\t\t\t\t\t\t\t\t\t\t\t\t\t\t\t\t\t\t<\/a>\n\t\t\t\t\t\t\t\t\t\t<\/div>\n\t\t\t\t\t\t\t\t\t\n\t\t\t\t\t\t\t\t\n\t\t\t\t\t<\/div><!-- .full-width -->\n\t\t\t\t<\/div><!-- .portfolio-->\n\t\t\t<\/div><!-- .portfolio-preloader-wrapper-->\n\t\t\t\t\t\t<\/div>\n\t\t\t\t<\/div>\n\t\t\t\t\t<\/div>\n\t\t<\/div>\n\t\t\t\t\t<\/div><\/div>\r\n\t\t<\/section>\r\n\t\t\t\t<\/div>\n\t\t","protected":false},"excerpt":{"rendered":"<p>CIENCIAS SOCIALES Y JUR\u00cdDICAS INSCRIPCI\u00d3N ABIERTA Clear Filters Adaptaci\u00f3n al Grado de Trabajo Social Adaptaci\u00f3n al Grado de Trabajo Social&#8230;<\/p>\n","protected":false},"author":2,"featured_media":33,"parent":0,"menu_order":0,"comment_status":"closed","ping_status":"closed","template":"page-fullwidth.php","meta":{"footnotes":""},"class_list":["post-1902","page","type-page","status-publish","has-post-thumbnail"],"yoast_head":"<!-- This site is optimized with the Yoast SEO plugin v27.4 - https:\/\/yoast.com\/product\/yoast-seo-wordpress\/ -->\n<title>Ciencias Sociales y Jur\u00eddicas - Aula Online UMA<\/title>\n<meta name=\"robots\" content=\"index, follow, max-snippet:-1, max-image-preview:large, max-video-preview:-1\" \/>\n<link rel=\"canonical\" href=\"https:\/\/inntech.uma.es\/aulaonline\/ciencias-sociales-y-juridicas\/\" \/>\n<meta property=\"og:locale\" content=\"es_ES\" \/>\n<meta property=\"og:type\" content=\"article\" \/>\n<meta property=\"og:title\" content=\"Ciencias Sociales y Jur\u00eddicas - Aula Online UMA\" \/>\n<meta property=\"og:description\" content=\"CIENCIAS SOCIALES Y JUR\u00cdDICAS INSCRIPCI\u00d3N ABIERTA Clear Filters Adaptaci\u00f3n al Grado de Trabajo Social Adaptaci\u00f3n al Grado de Trabajo Social...\" \/>\n<meta property=\"og:url\" content=\"https:\/\/inntech.uma.es\/aulaonline\/ciencias-sociales-y-juridicas\/\" \/>\n<meta property=\"og:site_name\" content=\"Aula Online UMA\" \/>\n<meta property=\"article:publisher\" content=\"http:\/\/www.facebook.com\/universidadmalaga\" \/>\n<meta property=\"article:modified_time\" content=\"2025-05-19T22:08:44+00:00\" \/>\n<meta property=\"og:image\" content=\"https:\/\/inntech.uma.es\/aulaonline\/wp-content\/uploads\/2025\/04\/CienciasSocialesJuridicas.png\" \/>\n\t<meta property=\"og:image:width\" content=\"500\" \/>\n\t<meta property=\"og:image:height\" content=\"500\" \/>\n\t<meta property=\"og:image:type\" content=\"image\/png\" \/>\n<meta name=\"twitter:card\" content=\"summary_large_image\" \/>\n<meta name=\"twitter:site\" content=\"@infouma\" \/>\n<meta name=\"twitter:label1\" content=\"Tiempo de lectura\" \/>\n\t<meta name=\"twitter:data1\" content=\"8 minutos\" \/>\n<script type=\"application\/ld+json\" class=\"yoast-schema-graph\">{\"@context\":\"https:\\\/\\\/schema.org\",\"@graph\":[{\"@type\":\"WebPage\",\"@id\":\"https:\\\/\\\/inntech.uma.es\\\/aulaonline\\\/ciencias-sociales-y-juridicas\\\/\",\"url\":\"https:\\\/\\\/inntech.uma.es\\\/aulaonline\\\/ciencias-sociales-y-juridicas\\\/\",\"name\":\"Ciencias Sociales y Jur\u00eddicas - Aula Online UMA\",\"isPartOf\":{\"@id\":\"https:\\\/\\\/inntech.uma.es\\\/aulaonline\\\/#website\"},\"primaryImageOfPage\":{\"@id\":\"https:\\\/\\\/inntech.uma.es\\\/aulaonline\\\/ciencias-sociales-y-juridicas\\\/#primaryimage\"},\"image\":{\"@id\":\"https:\\\/\\\/inntech.uma.es\\\/aulaonline\\\/ciencias-sociales-y-juridicas\\\/#primaryimage\"},\"thumbnailUrl\":\"https:\\\/\\\/inntech.uma.es\\\/aulaonline\\\/wp-content\\\/uploads\\\/2025\\\/04\\\/CienciasSocialesJuridicas.png\",\"datePublished\":\"2025-04-17T11:27:50+00:00\",\"dateModified\":\"2025-05-19T22:08:44+00:00\",\"breadcrumb\":{\"@id\":\"https:\\\/\\\/inntech.uma.es\\\/aulaonline\\\/ciencias-sociales-y-juridicas\\\/#breadcrumb\"},\"inLanguage\":\"es\",\"potentialAction\":[{\"@type\":\"ReadAction\",\"target\":[\"https:\\\/\\\/inntech.uma.es\\\/aulaonline\\\/ciencias-sociales-y-juridicas\\\/\"]}]},{\"@type\":\"ImageObject\",\"inLanguage\":\"es\",\"@id\":\"https:\\\/\\\/inntech.uma.es\\\/aulaonline\\\/ciencias-sociales-y-juridicas\\\/#primaryimage\",\"url\":\"https:\\\/\\\/inntech.uma.es\\\/aulaonline\\\/wp-content\\\/uploads\\\/2025\\\/04\\\/CienciasSocialesJuridicas.png\",\"contentUrl\":\"https:\\\/\\\/inntech.uma.es\\\/aulaonline\\\/wp-content\\\/uploads\\\/2025\\\/04\\\/CienciasSocialesJuridicas.png\",\"width\":500,\"height\":500},{\"@type\":\"BreadcrumbList\",\"@id\":\"https:\\\/\\\/inntech.uma.es\\\/aulaonline\\\/ciencias-sociales-y-juridicas\\\/#breadcrumb\",\"itemListElement\":[{\"@type\":\"ListItem\",\"position\":1,\"name\":\"Portada\",\"item\":\"https:\\\/\\\/inntech.uma.es\\\/aulaonline\\\/\"},{\"@type\":\"ListItem\",\"position\":2,\"name\":\"Ciencias Sociales y Jur\u00eddicas\"}]},{\"@type\":\"WebSite\",\"@id\":\"https:\\\/\\\/inntech.uma.es\\\/aulaonline\\\/#website\",\"url\":\"https:\\\/\\\/inntech.uma.es\\\/aulaonline\\\/\",\"name\":\"UMA Aula Online\",\"description\":\"\",\"publisher\":{\"@id\":\"https:\\\/\\\/inntech.uma.es\\\/aulaonline\\\/#organization\"},\"potentialAction\":[{\"@type\":\"SearchAction\",\"target\":{\"@type\":\"EntryPoint\",\"urlTemplate\":\"https:\\\/\\\/inntech.uma.es\\\/aulaonline\\\/?s={search_term_string}\"},\"query-input\":{\"@type\":\"PropertyValueSpecification\",\"valueRequired\":true,\"valueName\":\"search_term_string\"}}],\"inLanguage\":\"es\"},{\"@type\":\"Organization\",\"@id\":\"https:\\\/\\\/inntech.uma.es\\\/aulaonline\\\/#organization\",\"name\":\"Universidad de M\u00e1laga\",\"url\":\"https:\\\/\\\/inntech.uma.es\\\/aulaonline\\\/\",\"logo\":{\"@type\":\"ImageObject\",\"inLanguage\":\"es\",\"@id\":\"https:\\\/\\\/inntech.uma.es\\\/aulaonline\\\/#\\\/schema\\\/logo\\\/image\\\/\",\"url\":\"https:\\\/\\\/aulaonline.uma.es\\\/wp-content\\\/uploads\\\/2025\\\/04\\\/LogoUMA_AulaOnline-1.png\",\"contentUrl\":\"https:\\\/\\\/aulaonline.uma.es\\\/wp-content\\\/uploads\\\/2025\\\/04\\\/LogoUMA_AulaOnline-1.png\",\"width\":1000,\"height\":250,\"caption\":\"Universidad de M\u00e1laga\"},\"image\":{\"@id\":\"https:\\\/\\\/inntech.uma.es\\\/aulaonline\\\/#\\\/schema\\\/logo\\\/image\\\/\"},\"sameAs\":[\"http:\\\/\\\/www.facebook.com\\\/universidadmalaga\",\"https:\\\/\\\/x.com\\\/infouma\"]}]}<\/script>\n<!-- \/ Yoast SEO plugin. -->","yoast_head_json":{"title":"Ciencias Sociales y Jur\u00eddicas - Aula Online UMA","robots":{"index":"index","follow":"follow","max-snippet":"max-snippet:-1","max-image-preview":"max-image-preview:large","max-video-preview":"max-video-preview:-1"},"canonical":"https:\/\/inntech.uma.es\/aulaonline\/ciencias-sociales-y-juridicas\/","og_locale":"es_ES","og_type":"article","og_title":"Ciencias Sociales y Jur\u00eddicas - Aula Online UMA","og_description":"CIENCIAS SOCIALES Y JUR\u00cdDICAS INSCRIPCI\u00d3N ABIERTA Clear Filters Adaptaci\u00f3n al Grado de Trabajo Social Adaptaci\u00f3n al Grado de Trabajo Social...","og_url":"https:\/\/inntech.uma.es\/aulaonline\/ciencias-sociales-y-juridicas\/","og_site_name":"Aula Online UMA","article_publisher":"http:\/\/www.facebook.com\/universidadmalaga","article_modified_time":"2025-05-19T22:08:44+00:00","og_image":[{"width":500,"height":500,"url":"https:\/\/inntech.uma.es\/aulaonline\/wp-content\/uploads\/2025\/04\/CienciasSocialesJuridicas.png","type":"image\/png"}],"twitter_card":"summary_large_image","twitter_site":"@infouma","twitter_misc":{"Tiempo de lectura":"8 minutos"},"schema":{"@context":"https:\/\/schema.org","@graph":[{"@type":"WebPage","@id":"https:\/\/inntech.uma.es\/aulaonline\/ciencias-sociales-y-juridicas\/","url":"https:\/\/inntech.uma.es\/aulaonline\/ciencias-sociales-y-juridicas\/","name":"Ciencias Sociales y Jur\u00eddicas - Aula Online UMA","isPartOf":{"@id":"https:\/\/inntech.uma.es\/aulaonline\/#website"},"primaryImageOfPage":{"@id":"https:\/\/inntech.uma.es\/aulaonline\/ciencias-sociales-y-juridicas\/#primaryimage"},"image":{"@id":"https:\/\/inntech.uma.es\/aulaonline\/ciencias-sociales-y-juridicas\/#primaryimage"},"thumbnailUrl":"https:\/\/inntech.uma.es\/aulaonline\/wp-content\/uploads\/2025\/04\/CienciasSocialesJuridicas.png","datePublished":"2025-04-17T11:27:50+00:00","dateModified":"2025-05-19T22:08:44+00:00","breadcrumb":{"@id":"https:\/\/inntech.uma.es\/aulaonline\/ciencias-sociales-y-juridicas\/#breadcrumb"},"inLanguage":"es","potentialAction":[{"@type":"ReadAction","target":["https:\/\/inntech.uma.es\/aulaonline\/ciencias-sociales-y-juridicas\/"]}]},{"@type":"ImageObject","inLanguage":"es","@id":"https:\/\/inntech.uma.es\/aulaonline\/ciencias-sociales-y-juridicas\/#primaryimage","url":"https:\/\/inntech.uma.es\/aulaonline\/wp-content\/uploads\/2025\/04\/CienciasSocialesJuridicas.png","contentUrl":"https:\/\/inntech.uma.es\/aulaonline\/wp-content\/uploads\/2025\/04\/CienciasSocialesJuridicas.png","width":500,"height":500},{"@type":"BreadcrumbList","@id":"https:\/\/inntech.uma.es\/aulaonline\/ciencias-sociales-y-juridicas\/#breadcrumb","itemListElement":[{"@type":"ListItem","position":1,"name":"Portada","item":"https:\/\/inntech.uma.es\/aulaonline\/"},{"@type":"ListItem","position":2,"name":"Ciencias Sociales y Jur\u00eddicas"}]},{"@type":"WebSite","@id":"https:\/\/inntech.uma.es\/aulaonline\/#website","url":"https:\/\/inntech.uma.es\/aulaonline\/","name":"UMA Aula Online","description":"","publisher":{"@id":"https:\/\/inntech.uma.es\/aulaonline\/#organization"},"potentialAction":[{"@type":"SearchAction","target":{"@type":"EntryPoint","urlTemplate":"https:\/\/inntech.uma.es\/aulaonline\/?s={search_term_string}"},"query-input":{"@type":"PropertyValueSpecification","valueRequired":true,"valueName":"search_term_string"}}],"inLanguage":"es"},{"@type":"Organization","@id":"https:\/\/inntech.uma.es\/aulaonline\/#organization","name":"Universidad de M\u00e1laga","url":"https:\/\/inntech.uma.es\/aulaonline\/","logo":{"@type":"ImageObject","inLanguage":"es","@id":"https:\/\/inntech.uma.es\/aulaonline\/#\/schema\/logo\/image\/","url":"https:\/\/aulaonline.uma.es\/wp-content\/uploads\/2025\/04\/LogoUMA_AulaOnline-1.png","contentUrl":"https:\/\/aulaonline.uma.es\/wp-content\/uploads\/2025\/04\/LogoUMA_AulaOnline-1.png","width":1000,"height":250,"caption":"Universidad de M\u00e1laga"},"image":{"@id":"https:\/\/inntech.uma.es\/aulaonline\/#\/schema\/logo\/image\/"},"sameAs":["http:\/\/www.facebook.com\/universidadmalaga","https:\/\/x.com\/infouma"]}]}},"_links":{"self":[{"href":"https:\/\/inntech.uma.es\/aulaonline\/wp-json\/wp\/v2\/pages\/1902","targetHints":{"allow":["GET"]}}],"collection":[{"href":"https:\/\/inntech.uma.es\/aulaonline\/wp-json\/wp\/v2\/pages"}],"about":[{"href":"https:\/\/inntech.uma.es\/aulaonline\/wp-json\/wp\/v2\/types\/page"}],"author":[{"embeddable":true,"href":"https:\/\/inntech.uma.es\/aulaonline\/wp-json\/wp\/v2\/users\/2"}],"replies":[{"embeddable":true,"href":"https:\/\/inntech.uma.es\/aulaonline\/wp-json\/wp\/v2\/comments?post=1902"}],"version-history":[{"count":25,"href":"https:\/\/inntech.uma.es\/aulaonline\/wp-json\/wp\/v2\/pages\/1902\/revisions"}],"predecessor-version":[{"id":2950,"href":"https:\/\/inntech.uma.es\/aulaonline\/wp-json\/wp\/v2\/pages\/1902\/revisions\/2950"}],"wp:featuredmedia":[{"embeddable":true,"href":"https:\/\/inntech.uma.es\/aulaonline\/wp-json\/wp\/v2\/media\/33"}],"wp:attachment":[{"href":"https:\/\/inntech.uma.es\/aulaonline\/wp-json\/wp\/v2\/media?parent=1902"}],"curies":[{"name":"wp","href":"https:\/\/api.w.org\/{rel}","templated":true}]}}